{"id":288,"date":"2019-01-05T14:42:28","date_gmt":"2019-01-05T14:42:28","guid":{"rendered":"https:\/\/www.abvp.pt\/?page_id=288"},"modified":"2026-04-28T17:10:11","modified_gmt":"2026-04-28T16:10:11","slug":"abvp-imprensa","status":"publish","type":"page","link":"https:\/\/www.abvp.pt\/en\/abvp-imprensa\/","title":{"rendered":"Press"},"content":{"rendered":"<p>Since its incorporation, the ABVP-Association of Portuguese Travel Bloggers has been a regular presence in Portugal\u2019s main media outlets and in some prominent digital projects.<\/p>\n\n\n\n<p class=\"box-info\">If you are a journalist or producer and would like to contact the ABVP management, please use the&nbsp;<em>email info@abvp.pt<\/em>. Remember to read <a href=\"https:\/\/www.abvp.pt\/en\/sobre\/\">about our objectives<\/a>. Thank you.<br><\/p>\n\n\n\n<h3 class=\"wp-block-heading\">References and interviews<\/h3>\n\n\n\n<ul class=\"wp-block-list\">\n<li>Travel Magg, 28.04.2026 | <a href=\"https:\/\/travelmagg.sapo.pt\/noticias\/artigos\/abvp-travel-fest-matosinhos-2026\">ABVP Travel Fest. Vem a\u00ed mais uma edi\u00e7\u00e3o do festival que re\u00fane apaixonados por viagens<\/a><\/li>\n\n\n\n<li>Mundo das 1001 Viagens, 20.04.2025 | <a href=\"https:\/\/www.mundo1001viagens.com\/l\/noticias\/vem-ai-um-festival-dedicado-as-viagens-que-quer-dar-a-conhecer-os-destinos-menos-conhecidos\/\">Vem a\u00ed um festival dedicado \u00e0s viagens que quer dar a conhecer os destinos menos conhecidos<\/a><\/li>\n\n\n\n<li>Guimar\u00e3es Agora!, 20.04.2025 | <a href=\"https:\/\/guimaraesagora.pt\/artigos\/turismo-gastronomia\/travel-fest-reune-bloggers-de-viagem-no-teatro-jordao-em-maio\/\">Travel Fest: re\u00fane Bloggers de Viagem no Teatro Jord\u00e3o em Maio<\/a><\/li>\n\n\n\n<li>NIT, 19.04.2025 | <a href=\"https:\/\/www.nit.pt\/fora-de-casa\/na-cidade\/este-festival-dedicado-viagens-quer-dar-conhecer-os-destinos-menos-obvios\">Este festival dedicado \u00e0s viagens quer dar a conhecer \u201cos destinos menos \u00f3bvios\u201d<\/a><\/li>\n\n\n\n<li>Boa Viagem, 13.04.2025 | <a href=\"https:\/\/cristinalira.com\/o-abvp-travel-fest-tera-novamente-palco-no-teatro-jordao-em-guimaraes\/\">O ABVP Travel Fest ter\u00e1 novamente palco no Teatro Jord\u00e3o em Guimar\u00e3es<\/a><\/li>\n\n\n\n<li>Terras do Homem, 12.04.2025 | <a href=\"https:\/\/terrasdohomem.pt\/2025\/04\/12\/teatro-jordao-volta-a-receber-o-abvp-travel-fest-nos-dias-10-e-11-de-maio\/\">Teatro Jord\u00e3o volta a receber o ABVP Travel Fest nos dias 10 e 11 de maio<\/a><\/li>\n\n\n\n<li>Mais Guimar\u00e3es, 10.04.2025 | <a href=\"https:\/\/maisguimaraes.pt\/travel-fest-em-maio-vai-ensinar-a-pesquisar-descobrir-e-a-viajar-com-os-animais\/\">Travel Fest em maio vai ensinar a pesquisar, descobrir e a viajar com os animais<\/a><\/li>\n\n\n\n<li>Guimar\u00e3es Vis\u00edvel, 10.04.2025 | <a href=\"https:\/\/www.guimaraesvisivel.pt\/noticia-56\/teatro-jordao-volta-a-receber-o-abvp-travel-fest-nos-dias-10-e-11-de-maio\">Teatro Jord\u00e3o volta a receber o ABVP Travel Fest nos dias 10 e 11 de maio<\/a><\/li>\n\n\n\n<li>Guimar\u00e3es Digital, 10.04.2025 | <a href=\"https:\/\/www.guimaraesdigital.pt\/index.php\/informacao\/sociedade\/92683-guimaraes-volta-a-ser-inspiracao-para-bloggers-de-viagem\">Guimar\u00e3es volta a ser inspira\u00e7\u00e3o para bloggers de viagem<\/a><\/li>\n\n\n\n<li>Jornal de Guimar\u00e3es, 10.04.2025 | <a href=\"https:\/\/jornaldeguimaraes.pt\/noticias\/travel-fest-volta-para-reimaginar-o-turismo-ha-sempre-uma-transformacao\/\">Travel Fest volta para reimaginar o turismo: \u201cH\u00e1 sempre uma transforma\u00e7\u00e3o\u201d<\/a><\/li>\n\n\n\n<li>SAPO Viagens, 15.05.2024 | <a href=\"https:\/\/viagens.sapo.pt\/viajar\/viajar-portugal\/artigos\/debaixo-de-uma-aurora-boreal-o-travel-fest-debateu-em-guimaraes-o-poder-das-viagens-para-mudar-o-mundo\">Under the aurora borealis, the Travel Fest in Guimar\u00e3es showed the positive impact of travelling<\/a><\/li>\n\n\n\n<li>Volta ao Mundo, 13.05.2024 | <a href=\"https:\/\/www.voltaaomundo.pt\/2024\/05\/13\/quando-viajar-e-salvar-pequenos-mundos\/destinos\/880699\/\">When travelling means saving small worlds<\/a><\/li>\n\n\n\n<li>Fugas P\u00fablico, 13.05.2024 | <a href=\"https:\/\/www.publico.pt\/2024\/05\/13\/fugas\/reportagem\/abpv-travel-fest-turistas-enraizada-visao-colonizador-2090228\">ABVP Travel Fest: We are tourists and \u2018we have the coloniser's vision rooted in us<\/a><\/li>\n\n\n\n<li>Jornal de Guimar\u00e3es, 13.05.2024 | <a href=\"https:\/\/jornaldeguimaraes.pt\/noticias\/travel-fest-volta-a-guimaraes-em-2025-em-equipa-vencedora-nao-se-mexe\/\">Travel Fest volta a Guimar\u00e3es em 2025: \u201cEm equipa vencedora, n\u00e3o se mexe\u201d<\/a><\/li>\n\n\n\n<li>Correio do Minho, 12.05.2024 | <a href=\"https:\/\/correiodominho.pt\/noticias\/bloggers-de-viagens-de-todo-o-mundo-reunidos-em-guimaraes\/152396\">Bloggers de viagens de todo o mundo reunidos em Guimar\u00e3es<\/a><\/li>\n\n\n\n<li>Braga TV, 11.05.2024 | <a href=\"https:\/\/bragatv.pt\/abvp-travel-fest-arrancou-este-sabado-em-guimaraes\/\">ABVP Travel Fest arrancou este s\u00e1bado em Guimar\u00e3es<\/a><\/li>\n\n\n\n<li>SAPO Viagens, 23.04.2024 | <a href=\"https:\/\/viagens.sapo.pt\/viajar\/noticias-viajar\/artigos\/de-eva-zu-beck-a-brandon-li-abvp-travel-fest-volta-a-reunir-oradores-e-amantes-de-viagens-em-guimaraes?utm_source=SAPO_HP&amp;utm_medium=web&amp;utm_campaign=destaques\">De Eva Zu Beck a Brandon Li, ABVP Travel Fest volta a reunir oradores e amantes de viagens em Guimar\u00e3es<\/a><\/li>\n\n\n\n<li>Guimar\u00e3es Digital, 18.04.2024 | <a href=\"https:\/\/www.guimaraesdigital.pt\/index.php\/informacao\/sociedade\/86501-abvp-travel-fest-regressa-a-guimaraes-para-falar-de-viagens-e-turismo-comunitario\">ABVP Travel Fest regressa a Guimar\u00e3es para falar de viagens e turismo comunit\u00e1rio<\/a><\/li>\n\n\n\n<li>NIT, 30.03.2024 | <a href=\"https:\/\/www.nit.pt\/fora-de-casa\/na-cidade\/guimaraes-vai-voltar-receber-um-festival-dedicado-viagens\">Guimar\u00e3es vai voltar a receber um festival s\u00f3 dedicado \u00e0s viagens<\/a><\/li>\n\n\n\n<li>Fugas P\u00fablico, 25.03.2024 | <a href=\"https:\/\/www.publico.pt\/2024\/03\/25\/fugas\/noticia\/abvp-travel-fest-viajar-forma-responsavel-autentica-2084534\">ABVP Travel Fest: Como viajar de uma forma mais respons\u00e1vel e aut\u00eantica?<\/a><\/li>\n\n\n\n<li>Freepass Guimar\u00e3es, 25.03.2024 | <a href=\"https:\/\/www.fpguimaraes.pt\/videografo-brandon-li-entre-os-convidados-a-fazer-check-in-no-travel-fest-2024\/\">Vide\u00f3grafo Brandon Li entre os convidados a fazer check-in no Travel Fest 2024<\/a><\/li>\n\n\n\n<li>Terras do Homem, 25.03.2024 | <a href=\"https:\/\/terrasdohomem.pt\/2024\/03\/25\/videografo-norte-americano-brandon-li-e-cabeca-de-cartaz-do-abvp-travel-fest-2024-em-guimaraes\/\">Vide\u00f3grafo norte-americano Brandon Li \u00e9 cabe\u00e7a de cartaz do \u2018ABVP Travel Fest 2024\u2019 em Guimar\u00e3es<\/a><\/li>\n\n\n\n<li>Guimar\u00e3es Digital, 25.03.2024 | <a href=\"https:\/\/www.guimaraesdigital.pt\/index.php\/informacao\/sociedade\/86064-videografo-norte-americano-brandon-li-e-cabeca-de-cartaz-do-abvp-travel-fest-2024\">Vide\u00f3grafo norte-americano Brandon Li \u00e9 cabe\u00e7a de cartaz do \u2018ABVP Travel Fest 2024\u2019<\/a><\/li>\n\n\n\n<li>R\u00e1dio Funda\u00e7\u00e3o, 24.03.2024 | <a href=\"https:\/\/radiofundacao.net\/brandon-li-e-cabeca-de-cartaz-do-abvp-travel-fest-2024\/\">Brandon Li \u00c9 Cabe\u00e7a De Cartaz Do \u2018ABVP Travel Fest 2024\u2019<\/a><\/li>\n\n\n\n<li>Reflexo Digital, 24.03.2024 | <a href=\"https:\/\/reflexodigital.com\/noticias\/abvp-travel-fest-bloggers-de-viagens-voltam-a-reunir-em-guimaraes\/\">ABVP Travel Fest: bloggers de viagens voltam a reunir em Guimar\u00e3es<\/a><\/li>\n\n\n\n<li>Braga TV, 24.03.2024 | <a href=\"https:\/\/bragatv.pt\/videografo-norte-americano-brandon-li-em-guimaraes-para-o-abvp-travel-fest-2024\/\">Vide\u00f3grafo norte-americano Brandon Li em Guimar\u00e3es para o ABVP Travel Fest 2024<\/a><\/li>\n\n\n\n<li>Correio do Minho, 23.03.2024 | <a href=\"https:\/\/correiodominho.pt\/noticias\/teatro-jordao-em-guimaraes-volta-a-receber-abvp-travel-fest-nos-dias-11-e-12-de-maio\/151279\">Teatro Jord\u00e3o em Guimar\u00e3es volta a receber ABVP Travel Fest nos dias 11 e 12 de maio<\/a><\/li>\n\n\n\n<li>CM Guimar\u00e3es, 23.03.2024 | <a href=\"https:\/\/www.cm-guimaraes.pt\/viver\/noticias\/noticia\/videografo-norte-americano-brandon-li-e-cabeca-de-cartaz-do-abvp-travel-fest-2024\">Vide\u00f3grafo norte-americano Brandon Li \u00e9 cabe\u00e7a de cartaz do \u2018ABVP Travel Fest 2024\u2019<\/a><\/li>\n\n\n\n<li>SAPO 24, 23.03.2024 | <a href=\"https:\/\/24.sapo.pt\/vida\/artigos\/teatro-jordao-em-guimaraes-volta-a-receber-abvp-travel-fest-nos-dias-11-e-12-de-maio\">Teatro Jord\u00e3o em Guimar\u00e3es volta a receber ABVP Travel Fest nos dias 11 e 12 de maio<\/a><\/li>\n\n\n\n<li>Di\u00e1rio do Minho, 23.03.2024 | <a href=\"https:\/\/www.diariodominho.pt\/noticias\/regiao\/2024-03-23-teatro-jordao-em-guimaraes-volta-a-receber-abvp-travel-fest-65feabff65af8\">Teatro Jord\u00e3o em Guimar\u00e3es volta a receber ABVP Travel Fest<\/a><\/li>\n\n\n\n<li>RTP Not\u00edcias, 23.03.2024 | <a href=\"https:\/\/www.rtp.pt\/noticias\/cultura\/teatro-jordao-em-guimaraes-volta-a-receber-abvp-travel-fest-nos-dias-11-e-12-de-maio_n1559475\">Teatro Jord\u00e3o em Guimar\u00e3es volta a receber ABVP Travel Fest nos dias 11 e 12 de maio<\/a><\/li>\n\n\n\n<li>Volta ao Mundo, 23.03.2024 | <a href=\"https:\/\/www.voltaaomundo.pt\/2024\/03\/23\/abvp-travel-fest-regressa-a-guimaraes\/noticias\/880316\/\">ABVP Travel Fest regressa a Guimar\u00e3es<\/a><\/li>\n\n\n\n<li>Fugas, P\u00fablico, 13.10.2023 | <a href=\"https:\/\/www.publico.pt\/2023\/10\/13\/fugas\/perfil\/mostrar-respeito-dar-residentes-capacidade-decidirem-turismo-querem-2066419\">\u201cTemos de mostrar respeito e dar aos residentes a capacidade de decidirem\u201d o turismo que querem<\/a><\/li>\n\n\n\n<li>M80, 01.10.2023 | <a href=\"https:\/\/m80.pt\/noticias\/143046\/dinamarques-viaja-por-todos-os-paises-sem-usar-avioes\">Dinamarqu\u00eas viaja por todos os pa\u00edses sem usar avi\u00f5es<\/a><\/li>\n\n\n\n<li>CM Jornal, 01.10.2023 | <a href=\"https:\/\/www.cmjornal.pt\/mundo\/detalhe\/viajante-que-fez-203-paises-em-10-anos-aconselha-jovens-a-confiar-na-intuicao\">Viajante que fez 203 pa\u00edses em 10 anos aconselha jovens a confiar na intui\u00e7\u00e3o<\/a><\/li>\n\n\n\n<li>O Minho, 01.10.2023 | <a href=\"https:\/\/ominho.pt\/primeiro-a-viajar-por-todo-o-mundo-sem-aviao-contou-aventuras-em-guimaraes\/\">Primeiro a viajar por todo o mundo sem avi\u00e3o contou aventuras em Guimar\u00e3es<\/a><\/li>\n\n\n\n<li>TVI Not\u00edcias, 01.10.2023 | <a href=\"https:\/\/tvi.iol.pt\/noticias\/viagens\/viajar\/guimaraes-deu-a-volta-ao-mundo-num-fim-de-semana\/20231001\/651939d0d34e65afa2f5e6a3\">Guimar\u00e3es deu a volta ao mundo num fim de semana<\/a><\/li>\n\n\n\n<li>RTP Not\u00edcias, 01.10.2023 | <a href=\"https:\/\/www.rtp.pt\/noticias\/mundo\/thor-pedersen-viajou-por-todos-os-paises-por-terra-e-mar-sem-avioes-e-apaixonou-se-por-sao-tome_n1517845\">Thor Pedersen viajou por todos os pa\u00edses por terra e mar, sem avi\u00f5es, e apaixonou-se por S\u00e3o Tom\u00e9<\/a><\/li>\n\n\n\n<li>CNN Portugal, 01.10.2023 | <a href=\"https:\/\/cnnportugal.iol.pt\/viagens\/viajar\/guimaraes-deu-a-volta-ao-mundo-num-fim-de-semana\/20231001\/651939d0d34e65afa2f5e6a3\">Guimar\u00e3es deu a volta ao mundo num fim de semana<\/a><\/li>\n\n\n\n<li>Expresso, 01.10.2023 | <a href=\"https:\/\/expresso.pt\/internacional\/2023-10-01-Thor-Pedersen-o-viajante-que-visitou-203-paises-em-10-anos-aconselha-os-jovens-a-sorrir-muito-e-a-confiar-na-intuicao-d54ac76e\">Thor Pedersen: o viajante que visitou 203 pa\u00edses em 10 anos aconselha os jovens a &#8220;sorrir muito&#8221; e a confiar na intui\u00e7\u00e3o<\/a><\/li>\n\n\n\n<li>SAPO Viagens, 01.10.2023 | <a href=\"https:\/\/viagens.sapo.pt\/viajar\/noticias-viajar\/artigos\/thor-viajou-por-todos-os-paises-por-terra-e-mar-sem-avioes-e-apaixonou-se-por-sao-tome\">Thor viajou por todos os pa\u00edses por terra e mar, sem avi\u00f5es, e apaixonou-se por S\u00e3o Tom\u00e9<\/a><\/li>\n\n\n\n<li>Not\u00edcias de Coimbra, 01.10.2023 | <a href=\"https:\/\/www.noticiasdecoimbra.pt\/viajou-por-203-paises-em-10-anos-sem-andar-de-aviao-homem-aconselha-jovens-a-confiar-na-intuicao\/\">Viajou por 203 pa\u00edses em 10 anos sem andar de avi\u00e3o. Homem aconselha jovens a confiar na intui\u00e7\u00e3o<\/a><\/li>\n\n\n\n<li>D7 Not\u00edcias, 01.10.2023 | <a href=\"https:\/\/d7.dnoticias.pt\/2023\/10\/1\/377418-viajante-que-fez-203-paises-em-10-anos-aconselha-jovens-a-confiar-na-intuicao\/\">Viajante que fez 203 pa\u00edses em 10 anos aconselha jovens a confiar na intui\u00e7\u00e3o<\/a><\/li>\n\n\n\n<li>Fugas, P\u00fablico, 26.09.2023 | <a href=\"https:\/\/www.publico.pt\/2023\/09\/26\/fugas\/noticia\/viajar-alem-cliche-paises-mundo-alguem-ajudou-continuar-2064656\">Viajar al\u00e9m do clich\u00e9: \u201cEm todos os pa\u00edses do mundo algu\u00e9m me ajudou a continuar\u201d<\/a><\/li>\n\n\n\n<li>SAPO Viagens, 26.09.2023 | <a href=\"https:\/\/viagens.sapo.pt\/viajar\/viajar-portugal\/artigos\/em-guimaraes-as-melhores-historias-de-viagens-vieram-do-coracao\">Em Guimar\u00e3es, as melhores hist\u00f3rias de viagens vieram do cora\u00e7\u00e3o<\/a><\/li>\n\n\n\n<li>Volta ao Mundo, 25.09.2023 | <a href=\"https:\/\/www.voltaaomundo.pt\/2023\/09\/25\/dos-porques-da-viagem-porque-tem-de-haver-um-porque\/viajantes\/879365\/\">Dos porqu\u00eas da viagem (porque tem de haver um porqu\u00ea)<\/a><\/li>\n\n\n\n<li>Jornal de Guimar\u00e3es, 25.09.2023 | <a href=\"https:\/\/jornaldeguimaraes.pt\/noticias\/teatro-jordao-abvp-travel-fest-balanco\/\">Teatro Jord\u00e3o abra\u00e7ou v\u00e1rios mundos num festival para partilhar\u2026 e pensar<\/a><\/li>\n\n\n\n<li>Volta ao Mundo, 24.09.2023 | <a href=\"https:\/\/www.voltaaomundo.pt\/2023\/09\/24\/estaremos-a-pecar-por-querer-abracar-o-mundo\/viajantes\/879355\/\">Estaremos a pecar por querer abra\u00e7ar o Mundo?<\/a><\/li>\n\n\n\n<li>Jornal de Guimar\u00e3es, 21.09.2023 | <a href=\"https:\/\/jornaldeguimaraes.pt\/noticias\/abvp-travel-fest-2023-guimaraes\/\">ABVP Travel Fest: o Jord\u00e3o \u00e9 palco para vers\u00f5es alternativas de turismo<\/a><\/li>\n\n\n\n<li>Fugas, P\u00fablico, 20.09.2023 | <a href=\"https:\/\/www.publico.pt\/2023\/09\/20\/fugas\/entrevista\/janek-rubes-guia-honesto-praga-deixese-perder-nao-siga-recomendacoes-2063905\">Janek Rube\u0161: um guia honesto de Praga? Deixe-se \u201cperder\u201d e \u201cn\u00e3o siga recomenda\u00e7\u00f5es\u201d<\/a><\/li>\n\n\n\n<li>The Portugal News, 10.09.2023 | <a href=\"https:\/\/amp.theportugalnews.com\/news\/2023-09-10\/thor-coming-to-portugal-travel-fest\/81227\">Thor coming to Portugal Travel Fest<\/a><\/li>\n\n\n\n<li>Expresso, 07.09.2023 | <a href=\"https:\/\/expresso.pt\/economia\/economia_turismo\/2023-09-07-Viajante-dinamarques-Thor-marca-presenca-no-Travel-Fest-em-Guimaraes-ffd42204\">Viajante dinamarqu\u00eas Thor marca presen\u00e7a no Travel Fest em Guimar\u00e3es<\/a><\/li>\n\n\n\n<li>RTP Not\u00edcias, 07.09.2023 | <a href=\"https:\/\/www.rtp.pt\/noticias\/cultura\/viajante-dinamarques-thor-marca-presenca-no-travel-fest-em-guimaraes_n1512599\">Viajante dinamarqu\u00eas Thor marca presen\u00e7a no Travel Fest em Guimar\u00e3es<\/a><\/li>\n\n\n\n<li>Porto Canal, 07.09.2023 | <a href=\"https:\/\/portocanal.sapo.pt\/noticia\/336299\">Viajante dinamarqu\u00eas Thor marca presen\u00e7a no Travel Fest em Guimar\u00e3es<\/a><\/li>\n\n\n\n<li>RR, 07.09.2023 | <a href=\"https:\/\/rr.sapo.pt\/noticia\/vida\/2023\/10\/01\/viajante-dinamarques-thor-partilha-aventura-epica-no-travel-fest-em-guimaraes\/345777\/\">Viajante dinamarqu\u00eas Thor partilha &#8220;aventura \u00e9pica&#8221; no Travel Fest em Guimar\u00e3es<\/a><\/li>\n\n\n\n<li>Antena Minho, 07.09.2023 | <a href=\"https:\/\/www.antenaminho.pt\/noticias\/viajante-dinamarques-thor-marca-presenca-notravel-fest-em-guimaraes\/31318\">Viajante dinamarqu\u00eas Thor marca presen\u00e7a no Travel Fest em Guimar\u00e3es<\/a><\/li>\n\n\n\n<li>SAPO Viagens, 05.09.2023 | <a href=\"https:\/\/viagens.sapo.pt\/viajar\/viajar-portugal\/artigos\/aqui-debate-se-o-mundo-das-viagens-como-vai-ser-a-travel-fest-em-guimaraes\">O mundo das viagens vai passar por Guimar\u00e3es: O que esperar da Travel Fest?<\/a><\/li>\n\n\n\n<li>CP, 23.08.2023 | <a href=\"https:\/\/www.cp.pt\/passageiros\/pt\/descontos-vantagens\/em-destaque\/abvp-travel-fest\">ABVP Travel Fest &#8211; Viaje de comboio at\u00e9 Guimar\u00e3es, rumo ao festival da Viagem<\/a><\/li>\n\n\n\n<li>Litoral Centro, 26.07.2023 | <a href=\"http:\/\/litoralcentro-comunicacaoeimagem.pt\/2023\/07\/26\/visitar-todos-os-paises-do-mundo-sem-voar-viagem-de-10-anos-acabou-hoje\/\">Visitar todos os pa\u00edses do mundo sem voar (viagem de 10 anos acabou hoje!)<\/a><\/li>\n\n\n\n<li>NIT, 23.07.2023 | <a href=\"https:\/\/www.nit.pt\/fora-de-casa\/thor-visitou-203-paises-sem-andar-de-aviao-agora-vem-a-portugal-contar-a-aventura\">Thor visitou 203 pa\u00edses sem andar de avi\u00e3o. Agora vem a Portugal contar a aventura<\/a><\/li>\n\n\n\n<li>Volta ao Mundo, 17.07.2023 | <a href=\"https:\/\/www.voltaaomundo.pt\/2023\/07\/17\/thor-o-dinamarques-que-conheceu-todos-os-paises-do-mundo-sem-viajar-de-aviao\/viajantes\/878656\/\">Thor, o dinamarqu\u00eas que conheceu todos os pa\u00edses do Mundo sem viajar de avi\u00e3o<\/a><\/li>\n\n\n\n<li>Fugas, P\u00fablico, 17.07.2023 | <a href=\"https:\/\/www.publico.pt\/2023\/07\/17\/fugas\/noticia\/thor-visitou-paises-usar-aviao-vai-estar-guimaraes-2057153\">Thor visitou todos os pa\u00edses sem usar o avi\u00e3o (e vai estar em Guimar\u00e3es)<\/a><\/li>\n\n\n\n<li>SAPO Viagens, 14.07.2023 | <a href=\"https:\/\/viagens.sapo.pt\/viajar\/noticias-viajar\/artigos\/thor-visitou-todos-os-paises-sem-usar-aviao-e-vem-a-portugal-contar-essa-aventura\">Thor visitou todos os pa\u00edses sem usar avi\u00e3o. E vem a Portugal contar essa aventura<\/a><\/li>\n\n\n\n<li>Guimar\u00e3es Turismo, 03.07.2023 | <a href=\"https:\/\/www.visitguimaraes.travel\/maio-junho-2023\/noticia\/abvp-travel-fest\">ABVP Travel Fest<\/a><\/li>\n\n\n\n<li>Fugas, P\u00fablico, 26.06.2023 | <a href=\"https:\/\/www.publico.pt\/2023\/06\/26\/fugas\/noticia\/guimaraes-vai-dar-volta-mundo-travel-fest-2054407\">Guimar\u00e3es vai dar a volta ao mundo no Travel Fest<\/a><\/li>\n\n\n\n<li>Analista, 31.05.2023 | <a href=\"https:\/\/analista.pt\/post\/bloggers-de-todo-o-mundo-estarao-em-guimaraes-504\">Bloggers de todo o mundo estar\u00e3o em Guimar\u00e3es<\/a><\/li>\n\n\n\n<li>Vou Sair, 30.05.2023 | <a href=\"https:\/\/vousair.pt\/bloggers-e-artistas-internacionais-invadem-guimaraes-no-abvp-travel-fest-2023\/\">Bloggers e artistas internacionais invadem Guimar\u00e3es no ABVP Travel Fest 2023<\/a><\/li>\n\n\n\n<li>Braga TV, 29.05.2023 | <a href=\"https:\/\/bragatv.pt\/guimaraes-recebe-abvp-travel-fest-2023\/\">Guimar\u00e3es recebe ABVP Travel Fest 2023<\/a><\/li>\n\n\n\n<li>Guimar\u00e3es, Agora!, 29.05.2023 | <a href=\"https:\/\/guimaraesagora.pt\/artigos\/turismo-gastronomia\/abvp-travel-fest-guimaraes-recebe-viajantes-de-todo-o-mundo\/\">ABVP Travel Fest: Guimar\u00e3es recebe viajantes de todo o mundo<\/a><\/li>\n\n\n\n<li>Metronews, 29.05.2023 | <a href=\"https:\/\/metronews.pt\/2023\/05\/30\/guimaraes-recebe-abvp-travel-fest-2023\/\">Guimar\u00e3es recebe ABVP Travel Fest 2023<\/a><\/li>\n\n\n\n<li>Freepass Guimar\u00e3es Digital, 29.05.2023 | <a href=\"https:\/\/www.fpguimaraes.pt\/como-mundo-ve-e-sente-guimaraes-bloggers-viajantes-desafiados-a-viver-a-cidade\/\">Como o mundo v\u00ea e sente Guimar\u00e3es? Bloggers viajantes desafiados a viver a cidade<\/a><\/li>\n\n\n\n<li>Guimar\u00e3es Digital, 29.05.2023 | <a href=\"https:\/\/www.guimaraesdigital.pt\/index.php\/informacao\/sociedade\/80966-guimaraes-recebe-em-setembro-terceira-edicao-do-abvp-travel-fest-2023\">Guimar\u00e3es recebe em Setembro terceira edi\u00e7\u00e3o do ABVP Travel Fest 2023<\/a><\/li>\n\n\n\n<li>Di\u00e1rio do Minho, 29.05.2023 | <a href=\"https:\/\/www.diariodominho.pt\/noticias\/regiao\/2023-05-29-guimaraes-recebe-abvp-travel-fest-2023-64747c03870da\">Guimar\u00e3es recebe ABVP Travel Fest 2023<\/a><\/li>\n\n\n\n<li>Correio do Minho, 29.05.2023 | <a href=\"https:\/\/www.correiodominho.pt\/noticias\/guimaraes-recebe-abvp-travel-fest-2023\/144859\">Guimar\u00e3es recebe ABVP Travel Fest 2023<\/a><\/li>\n\n\n\n<li>CM Guimar\u00e3es, 29.05.2023 | <a href=\"https:\/\/www.cm-guimaraes.pt\/viver\/noticias\/noticia\/guimaraes-recebe-abvp-travel-fest-2023\">Guimar\u00e3es recebe ABVP Travel Fest 2023<\/a><\/li>\n\n\n\n<li>Forbes, 29.05.2023 | <a href=\"https:\/\/www.forbespt.com\/guimaraes-recebe-em-23-e-24-de-setembro-travel-fest-2023\/\">Guimar\u00e3es recebe em 23 e 24 de setembro Travel Fest 2023<\/a><\/li>\n\n\n\n<li>Jornal de Guimar\u00e3es, 27.05.2023 | <a href=\"https:\/\/jornaldeguimaraes.pt\/noticias\/abvp-travel-fest-2023\/\">Da \u00cdndia ao Canad\u00e1, bloggers de viagens afluem a Guimar\u00e3es em setembro<\/a><\/li>\n\n\n\n<li>Volta ao Mundo, 26.05.2023 | <a href=\"https:\/\/www.voltaaomundo.pt\/2023\/05\/26\/gigantes-das-viagens-vem-a-portugal-marcar-presenca-no-travel-fest-2023\/viajantes\/878087\/\">Gigantes das viagens v\u00eam a Portugal marcar presen\u00e7a no Travel Fest 2023<\/a><\/li>\n\n\n\n<li>Porto Canal, 26.05.2023 | <a href=\"https:\/\/portocanal.sapo.pt\/noticia\/328153\">Travel Fest 2023 viaja at\u00e9 Guimar\u00e3es em setembro<\/a><\/li>\n\n\n\n<li>RTP Not\u00edcias, 26.05.2023 | <a href=\"https:\/\/www.rtp.pt\/noticias\/economia\/guimaraes-recebe-em-23-e-24-de-setembro-o-travel-fest-2023_n1489253\">Guimar\u00e3es recebe em 23 e 24 de setembro o Travel Fest 2023<\/a><\/li>\n\n\n\n<li>Mais Guimar\u00e3es, 22.05.2023 | <a href=\"https:\/\/maisguimaraes.pt\/apresentacao-do-abvp-travel-fest-2023\/\">Apresenta\u00e7\u00e3o do ABVP Travel Fest 2023<\/a><\/li>\n\n\n\n<li>Di\u00e1rio de Not\u00edcias, 04.02.2023 | <a href=\"https:\/\/www.dnoticias.pt\/2023\/2\/2\/346779-associacao-de-bloggers-lanca-iniciativa-para-apoiar-viagens-que-espelhem-as-boas-praticas\/\">Associa\u00e7\u00e3o de Bloggers lan\u00e7a iniciativa para apoiar viagens que &#8220;espelhem as boas pr\u00e1ticas&#8221;<\/a><\/li>\n\n\n\n<li>NIT, 02.02.2023 | <a href=\"https:\/\/www.nit.pt\/fora-de-casa\/viagens\/esta-iniciativa-vai-dar-1-000e-viajantes-que-querem-mudar-o-mundo\">Esta iniciativa vai dar mil euros a viajantes que querem mudar o mundo<\/a><\/li>\n\n\n\n<li>SAPO Viagens, 02.02.2023 | <a href=\"https:\/\/viagens.sapo.pt\/viajar\/noticias-viajar\/artigos\/quer-viajar-de-forma-consciente-esta-bolsa-pode-ser-para-si\">Quer viajar de forma mais consciente? Esta bolsa pode ser para si<\/a><\/li>\n\n\n\n<li>Fugas, P\u00fablico, 01.02.2023 | <a href=\"https:\/\/www.publico.pt\/2023\/02\/01\/fugas\/noticia\/abvp-lanca-bolsa-activismo-socioambiental-inspirar-viajantes-portugueses-2037268\">ABVP lan\u00e7a Bolsa de Activismo Socioambiental para inspirar viajantes portugueses<\/a><\/li>\n\n\n\n<li>SAPO Viagens, 23.09.2022 | <a href=\"https:\/\/viagens.sapo.pt\/viajar\/noticias-viajar\/artigos\/abvp-travel-fest-marca-novo-encontro-para-2023-em-guimaraes\">ABVP Travel Fest marca novo encontro para o ano em Guimar\u00e3es<\/a><\/li>\n\n\n\n<li>O Minho, 22.09.2022 | <a href=\"https:\/\/ominho.pt\/viajantes-bloggers-e-escritores-de-todo-o-mundo-encontram-se-em-guimaraes\/\">Viajantes, bloggers e escritores de todo o mundo encontram-se em Guimar\u00e3es<\/a><\/li>\n\n\n\n<li>RTP Not\u00edcias, 22.09.2022 | <a href=\"https:\/\/www.rtp.pt\/noticias\/cultura\/abvp-travel-fest-vai-reunir-em-2023-viajantes-bloggers-e-escritores-em-guimaraes_n1434851\">ABVP Travel Fest vai reunir em 2023 viajantes, bloggers e escritores em Guimar\u00e3es<\/a><\/li>\n\n\n\n<li>Fugas, P\u00fablico, 21.09.2022 | <a href=\"https:\/\/www.publico.pt\/2022\/09\/21\/fugas\/reportagem\/travel-fest-viajantes-nao-viajam-viajar-viagens-sao-transformadoras-sao-vidas-2021110\">No Travel Fest, os viajantes n\u00e3o viajam por viajar: as viagens s\u00e3o transformadoras, s\u00e3o as suas vidas<\/a><\/li>\n\n\n\n<li>Jornal de Guimar\u00e3es, 17.09.2022 | <a href=\"https:\/\/jornaldeguimaraes.pt\/opiniao\/de-sonhadores-a-viajantes\/\">De sonhadores a viajantes<\/a><\/li>\n\n\n\n<li>Lusa, 15.09.2022 | <a href=\"https:\/\/www.lusa.pt\/article\/2022-09-15\/39426484\/-bloggers-promovem-solidariedade-com-o-paquist%C3%A3o-durante-travel-fest-em-matosinhos\">&#8216;Bloggers&#8217; promovem solidariedade com o Paquist\u00e3o durante &#8220;Travel Fest&#8221; em Matosinhos<\/a><\/li>\n\n\n\n<li>Not\u00edcias ao Minuto, 15.09.2022 | <a href=\"https:\/\/www.noticiasaominuto.com\/pais\/2073499\/bloggers-promovem-solidariedade-com-o-paquistao-durante-travel-fest\">&#8216;Bloggers&#8217; promovem solidariedade com o Paquist\u00e3o durante &#8220;Travel Fest&#8221;<\/a><\/li>\n\n\n\n<li>Head Topics Portugal, 15.09.2022 | <a href=\"https:\/\/headtopics.com\/pt\/travel-fest-em-matosinhos-promove-solidariedade-com-o-paquist-o-29859285\">Travel Fest em Matosinhos promove solidariedade com o Paquist\u00e3o<\/a><\/li>\n\n\n\n<li>Not\u00edcias Primeira M\u00e3o, 15.09.2022 | <a href=\"https:\/\/noticiasprimeiramao.pt\/bloggers-promovem-solidariedade-com-o-paquistao-durante-travel-fest-em-matosinhos\/\">\u2018Bloggers\u2019 promovem solidariedade com o Paquist\u00e3o durante \u201cTravel Fest\u201d em Matosinhos<\/a><\/li>\n\n\n\n<li>Fugas, P\u00fablico, 15.09.2022 | <a href=\"https:\/\/www.publico.pt\/2022\/09\/15\/fugas\/noticia\/travel-fest-matosinhos-promove-solidariedade-paquistao-2020636\">Travel Fest em Matosinhos promove solidariedade com o Paquist\u00e3o<\/a><\/li>\n\n\n\n<li>SAPO Viagens, 15.09.2022 | <a href=\"https:\/\/viagens.sapo.pt\/viajar\/noticias-viajar\/artigos\/viajantes-promovem-solidariedade-com-o-paquistao-durante-travel-fest-em-matosinhos\">VIAJANTES PROMOVEM SOLIDARIEDADE COM O PAQUIST\u00c3O DURANTE &#8220;TRAVEL FEST&#8221; EM MATOSINHOS<\/a><\/li>\n\n\n\n<li>RTP Not\u00edcias, 15.09.2022 | <a href=\"https:\/\/www.rtp.pt\/noticias\/cultura\/bloggers-promovem-solidariedade-com-o-paquistao-durante-travel-fest-em-matosinhos_n1433130\">&#8216;Bloggers&#8217; promovem solidariedade com o Paquist\u00e3o durante &#8220;Travel Fest&#8221; em Matosinhos<\/a><\/li>\n\n\n\n<li>Volta ao Mundo, 15.09.2022 | <a href=\"https:\/\/www.voltaaomundo.pt\/2022\/09\/15\/festival-de-viagens-solidariza-se-com-o-paquistao\/noticias\/875947\/\">Festival de viagens solidariza-se com o Paquist\u00e3o<\/a><\/li>\n\n\n\n<li>SAPO Lifestyle, 09.09.2022 | <a href=\"https:\/\/lifestyle.sapo.pt\/casa-e-lazer\/noticias-casa-e-lazer\/artigos\/matosinhos-acolhe-festival-internacional-de-blogueres-de-viagem-com-portugal-em-destaque\">Matosinhos acolhe Festival Internacional de Blogueres de Viagem, com Portugal em destaque<\/a><\/li>\n\n\n\n<li>Mais Superior, 31.07.2022 | <a href=\"https:\/\/maissuperior.com\/2022\/07\/31\/matosinhos-recebe-festival-de-bloggers\/\">Matosinhos recebe festival de bloggers<\/a><\/li>\n\n\n\n<li>Volta ao Mundo, 30.07.2022 | <a href=\"https:\/\/www.voltaaomundo.pt\/2022\/07\/30\/abvp-travel-fest-esta-de-volta-a-celebracao-das-viagens-e-dos-viajantes\/noticias\/875532\/\">ABVP Travel Fest: est\u00e1 de volta a celebra\u00e7\u00e3o das viagens e dos viajantes<\/a><\/li>\n\n\n\n<li>SAPO Viagens, 28.07.2022 | <a href=\"https:\/\/viagens.sapo.pt\/viajar\/noticias-viajar\/artigos\/abvp-travel-fest-reune-viajantes-de-sete-paises-a-17-e-18-de-setembro-em-matosinhos\">ABVP Travel Fest re\u00fane viajantes de sete pa\u00edses a 17 e 18 de setembro em Matosinhos<\/a><\/li>\n\n\n\n<li>RTP Not\u00edcias, 28.07.2022 | <a href=\"https:\/\/www.rtp.pt\/noticias\/cultura\/abvp-travel-fest-reune-viajantes-de-sete-paises-a-17-e-18-de-setembro-em-matosinhos_n1422830\">ABVP Travel Fest re\u00fane viajantes de sete pa\u00edses a 17 e 18 de setembro em Matosinhos<\/a><\/li>\n\n\n\n<li>Fugas, P\u00fablico, 28.07.2022 | <a href=\"https:\/\/www.publico.pt\/2022\/07\/28\/fugas\/noticia\/festival-bloggers-viagem-portugueses-traz-mundo-matosinhos-2015247\">Festival de <em>bloggers<\/em> de viagem portugueses traz o mundo a Matosinhos<\/a><\/li>\n\n\n\n<li>TNews, 28.07.2022 | <a href=\"https:\/\/tnews.pt\/abvp-travel-fest-reune-viajantes-de-sete-paises-a-17-e-18-de-setembro-em-matosinhos\/\">ABVP Travel Fest re\u00fane viajantes de sete pa\u00edses a 17 e 18 de setembro em Matosinhos<\/a><\/li>\n\n\n\n<li>Porto Canal, 28.07.2022 | <a href=\"https:\/\/portocanal.sapo.pt\/noticia\/306025\/\">ABVP Travel Fest re\u00fane viajantes de sete pa\u00edses a 17 e 18 de setembro em Matosinhos<\/a><\/li>\n\n\n\n<li>NIT, 28.07.2022 | <a href=\"https:\/\/www.nit.pt\/fora-de-casa\/na-cidade\/matosinhos-recebe-festival-com-alguns-dos-viajantes-mais-iconicos-planeta\">Matosinhos recebe festival com alguns dos viajantes mais ic\u00f3nicos do planeta<\/a><\/li>\n\n\n\n<li>TNews, 13.01.2022 | <a href=\"https:\/\/tnews.pt\/a-biblioteca-de-jorge-mangorrinha-viagens-de-uma-vida-de-25-bloggers-de-viagens-portugueses\/\">A Biblioteca de Jorge Mangorrinha: Viagens de uma Vida, de 25 Bloggers de Viagens Portugueses<\/a><\/li>\n\n\n\n<li>SAPO Viagens, 15.06.2021 | <a href=\"https:\/\/viagens.sapo.pt\/viajar\/noticias-viajar\/artigos\/euficoemportugal-bloggers-de-viagens-reunem-se-em-livro-para-promover-o-turismo-no-pais\">#euficoemportugal: Bloggers de viagens re\u00fanem-se em livro para promover o turismo no pa\u00eds<\/a><\/li>\n\n\n\n<li>Volta ao Mundo, 15.06.2021 | <a href=\"https:\/\/www.voltaaomundo.pt\/2021\/06\/15\/euficoemportugal-as-viagens-de-quem-recusou-prender-se-a-uma-pandemia\/noticias\/871745\/?fbclid=IwAR3oXNuQFm_ppwhjzL5PLnzFkkigJWpVMOS3norWpjzBJ4ZXT0NvcKkJwVQ\">#EuFicoEmPortugal, as viagens de quem recusou prender-se a uma pandemia<\/a><\/li>\n\n\n\n<li>Fugas, P\u00fablico, 15.06.2021 | <a href=\"https:\/\/www.publico.pt\/2021\/06\/15\/fugas\/noticia\/euficoemportugal-ibloggers-lancam-livro-belezas-menos-exploradas-pais-1966446\">#EuFicoEmPortugal: <em>Bloggers<\/em> lan\u00e7am livro com \u201cbelezas menos exploradas\u201d do pa\u00eds<\/a><\/li>\n\n\n\n<li>Jornal Econ\u00f3mico, 15.06.2021 | <a href=\"https:\/\/jornaleconomico.pt\/noticias\/bloggers-portugueses-lancam-livro-euficoemportugal-para-promover-o-turismo-750620?fbclid=IwAR2jz3W6N3FfgI_J8ig3nK8lBNW8_Ih2S6OX0coKX7g1nqmLNhUnrpdTXV4\">Bloggers portugueses lan\u00e7am livro #EuFicoEmPortugal para promover o turismo<\/a><\/li>\n\n\n\n<li>RTP Not\u00edcias, 15.06.2021 | <a href=\"https:\/\/www.rtp.pt\/noticias\/cultura\/bloggers-portugueses-lancam-livro-euficoemportugal-para-promover-o-turismo_n1327819\">Bloggers portugueses lan\u00e7am livro #EuFicoEmPortugal para promover o turismo<\/a><\/li>\n\n\n\n<li>Observador, 15.06.2021 | <a href=\"https:\/\/observador.pt\/2021\/06\/15\/bloggers-portugueses-lancam-livro-euficoemportugal-para-promover-o-turismo\/\">Bloggers portugueses lan\u00e7am livro #EuFicoEmPortugal para promover o turismo<\/a><\/li>\n\n\n\n<li>A Voz do Algarve, 15.06.2021 | <a href=\"https:\/\/www.avozdoalgarve.pt\/d\/bloggers-portugueses-lanam-livro-euficoemportugal-para-promover-o-turismo\/53164\">Bloggers portugueses lan\u00e7am livro #EuFicoEmPortugal para promover o turismo<\/a><\/li>\n\n\n\n<li>Famalic\u00e3o Canal, 15.06.2021 | <a href=\"https:\/\/famalicaocanal.pt\/bloggers-portugueses-lancam-livro-euficoemportugal-para-promover-o-turismo\/\">Bloggers portugueses lan\u00e7am livro #EuFicoEmPortugal para promover o turismo<\/a><\/li>\n\n\n\n<li>Fugas, P\u00fablico, 10.02.2021 | <a href=\"https:\/\/www.publico.pt\/2021\/02\/10\/fugas\/noticia\/associacao-bloggers-viagem-desafia-viajantes-sair-bolha-1950098\">Associa\u00e7\u00e3o de Bloggers de Viagem desafia os viajantes a Sair da Bolha<\/a><\/li>\n\n\n\n<li>SAPO Viagens, 08.02.2021 | <a href=\"https:\/\/viagens.sapo.pt\/viajar\/noticias-viajar\/artigos\/nao-deixe-de-sonhar-ja-pode-sair-da-bolha-e-conversar-sobre-viagens-a-partir-de-casa\">N\u00e3o deixe de sonhar. J\u00e1 pode \u201csair da bolha\u201d e conversar sobre viagens a partir de casa<\/a><\/li>\n\n\n\n<li>Volta ao Mundo, 06.02.2021 | <a href=\"https:\/\/www.voltaaomundo.pt\/2021\/02\/06\/bloggers-convidam-para-conversas-online\/noticias\/870259\/\">Bloggers convidam para conversas online<\/a><\/li>\n\n\n\n<li>SAPO Viagens, 23.06.2020 | <a href=\"https:\/\/viagens.sapo.pt\/viajar\/noticias-viajar\/artigos\/viagens-de-uma-vida-novo-livro-reune-aventuras-de-25-bloggers-portugueses\">&#8220;VIAGENS DE UMA VIDA&#8221;. Novo livro re\u00fane aventuras de 25 bloggers portugueses<\/a><\/li>\n\n\n\n<li>Fugas, P\u00fablico, 22.06.2020 | <a href=\"https:\/\/www.publico.pt\/2020\/06\/22\/fugas\/noticia\/25-bloggers-portugueses-lancam-livro-viagens-vida-historias-25-paises-1921422\">25 bloggers portugueses lan\u00e7am o livro <em>Viagens de uma Vida<\/em> com hist\u00f3rias de 25 pa\u00edses<\/a><\/li>\n\n\n\n<li>Not\u00edcias ao Minuto, 22.06.2020 | <a href=\"https:\/\/www.noticiasaominuto.com\/cultura\/1513572\/25-bloggers-portugueses-reunem-em-livro-viagens-de-uma-vida\">25 &#8216;bloggers&#8217; portugueses re\u00fanem em livro &#8216;Viagens de uma Vida&#8217;<\/a><\/li>\n\n\n\n<li>SAPO 24, 22.06.2020 | <a href=\"https:\/\/24.sapo.pt\/vida\/artigos\/este-ano-visita-se-portugal-mas-com-o-resto-do-mundo-na-bagagem-bloggers-portugueses-reunem-em-livro-viagens-de-uma-vida\">Este ano visita-se Portugal, mas com o resto do mundo na bagagem. &#8216;Bloggers&#8217; portugueses re\u00fanem em livro &#8220;Viagens de uma Vida&#8221;<\/a><\/li>\n\n\n\n<li>Evas\u00f5es, 22.06.2020 | <a href=\"https:\/\/www.evasoes.pt\/o-que-fazer\/viagens-de-uma-vida-livro-junta-25-bloggers-de-viagem-portugueses\/950541\/\">Viagens de uma Vida: Livro junta 25 bloggers de viagem portugueses<\/a><\/li>\n\n\n\n<li>Motor 24, 22.06.2020 | <a href=\"https:\/\/www.motor24.pt\/evasoes\/viagens-de-uma-vida-livro-junta-25-bloggers-de-viagem-portugueses\/977468\/\">Viagens de uma Vida: Livro junta 25 bloggers de viagem portugueses<\/a><\/li>\n\n\n\n<li>Somos Livros, Bertrand, 22.06.2020 | <a href=\"https:\/\/www.bertrand.pt\/blogue-somos-livros\/livrolicos\/artigo\/as-viagens-de-uma-vida-de-25-bloggers-de-viagens-portugueses\/173466\">AS VIAGENS DE UMA VIDA DE 25 BLOGGERS DE VIAGENS PORTUGUESES<\/a><\/li>\n\n\n\n<li>Volta ao Mundo, 22.06.2020 | <a href=\"https:\/\/www.voltaaomundo.pt\/2020\/06\/22\/25-bloggers-portugueses-reunem-em-livro-viagens-de-uma-vida\/noticias\/812546\/\">25 bloggers portugueses re\u00fanem em livro \u00abViagens de uma Vida\u00bb<\/a><\/li>\n\n\n\n<li>Antena 1, 22.06.2020 | <a href=\"https:\/\/antena1.rtp.pt\/antena1\/euficoemportugal\/\">#EuFicoEmPortugal<\/a><\/li>\n\n\n\n<li>SAPO Viagens, 26.05.2020 | <a href=\"https:\/\/viagens.sapo.pt\/viajar\/viajar-portugal\/artigos\/ferias-de-verao-ca-dentro-o-melhor-destino-do-mundo-esta-a-nossa-espera\">F\u00c9RIAS DE VER\u00c3O &#8220;C\u00c1 DENTRO&#8221;. O MELHOR DESTINO DO MUNDO EST\u00c1 \u00c0 NOSSA ESPERA<\/a><\/li>\n\n\n\n<li>Volta ao Mundo, 12.05.2020 | <a href=\"https:\/\/www.voltaaomundo.pt\/2020\/05\/12\/bloggers-de-viagem-escolhem-portugal\/noticias\/779937\/\">Bloggers de viagem escolhem Portugal<\/a><\/li>\n\n\n\n<li>Mochileiros.com, 12.05.2020 | <a href=\"https:\/\/www.mochileiros.com\/blog\/blogueiros-portugueses-criam-acao-para-ajudar-na-recuperacao-do-turismo-do-pais\">Blogueiros portugueses criam a\u00e7\u00e3o para ajudar na recupera\u00e7\u00e3o do Turismo do pa\u00eds<\/a><\/li>\n\n\n\n<li>Observador, 12.05.2020 | <a href=\"https:\/\/observador.pt\/2020\/05\/12\/bloggers-de-viagem-portugueses-ajudam-a-relancar-turismo-nacional\/\">Bloggers de viagem portugueses ajudam a relan\u00e7ar turismo nacional<\/a><\/li>\n\n\n\n<li>SAPO Viagens, 12.05.2020 | <a href=\"https:\/\/viagens.sapo.pt\/viajar\/noticias-viajar\/artigos\/bloggers-de-viagem-vao-explorar-portugal-para-ajudar-a-relancar-o-turismo\">Bloggers de viagem v\u00e3o explorar Portugal para ajudar a relan\u00e7ar o turismo<\/a><\/li>\n\n\n\n<li>S\u00e1bado, 12.05.2020 | <a href=\"https:\/\/www.sabado.pt\/dinheiro\/detalhe\/bloggers-de-viagem-portugueses-querem-ajudar-a-revitalizar-o-turismo\">Bloggers de viagem portugueses querem ajudar a revitalizar o turismo<\/a><\/li>\n\n\n\n<li>RTP Not\u00edcias, 12.05.2020 | <a href=\"https:\/\/www.rtp.pt\/noticias\/covid-19\/bloggers-de-viagem-portugueses-ajudam-a-relancar-turismo-nacional_n1228019\">Bloggers de viagem portugueses ajudam a relan\u00e7ar turismo nacional<\/a><\/li>\n\n\n\n<li>TVI Not\u00edcias, 12.05.2020 | <a href=\"https:\/\/tvi.iol.pt\/noticias\/sociedade\/viagens\/bloggers-de-viagem-vao-explorar-portugal-sob-o-mote-euficoemportugal\">Bloggers de viagem v\u00e3o explorar Portugal sob o mote: #euficoemportugal<\/a><\/li>\n\n\n\n<li>P\u00fablico, 12.05.2020 | <a href=\"https:\/\/www.publico.pt\/2020\/05\/12\/fugas\/noticia\/euficoemportugal-missao-voltar-descobrir-pais-1916049\">#euficoemportugal: a miss\u00e3o \u00e9 voltar a descobrir o pa\u00eds<\/a><\/li>\n\n\n\n<li>Not\u00edcias ao Minuto, 12.05.2020 | <a href=\"https:\/\/www.noticiasaominuto.com\/economia\/1476589\/bloggers-de-viagem-portugueses-ajudam-a-relancar-turismo-nacional\">Bloggers de viagem portugueses ajudam a relan\u00e7ar turismo nacional<\/a><\/li>\n\n\n\n<li>Revista Rua, 12.05.2020 | <a href=\"https:\/\/www.revistarua.pt\/euficoemportugal-bloggers-portugueses-vao-partir-a-redescoberta-de-portugal\/\">#EUFICOEMPORTUGAL: Bloggers portugueses v\u00e3o partir \u00e0 (re)descoberta de Portugal<\/a><\/li>\n\n\n\n<li>Jornal Econ\u00f3mico, 12.05.2020 | <a href=\"https:\/\/jornaleconomico.pt\/tag\/associacao-de-bloggers-de-viagem-portugueses\">Bloggers de viagem portugueses ajudam a relan\u00e7ar turismo nacional<\/a><\/li>\n\n\n\n<li>Macau Business.com, 12.05.2020 | <a href=\"https:\/\/www.macaubusiness.com\/portugal-travel-bloggers-to-help-relaunch-tourism-in-country\/\">Portugal: Travel bloggers to help relaunch tourism in country<\/a><\/li>\n\n\n\n<li>Porto Canal, 12.05.2020 | <a href=\"https:\/\/portocanal.sapo.pt\/noticia\/220845\">Bloggers de viagem portugueses ajudam a relan\u00e7ar turismo nacional<\/a><\/li>\n\n\n\n<li>Fugas, P\u00fablico, 03.06.2019 | <a aria-label=\"Jo\u00e3o Cajuda gostava de ter a vida que tem no Instagram (abre num novo separador)\" href=\"https:\/\/www.publico.pt\/2019\/06\/03\/fugas\/noticia\/joao-cajuda-gostava-vida-instagram-1875188\" target=\"_blank\" rel=\"noreferrer noopener\">Jo\u00e3o Cajuda gostava de ter a vida que tem no Instagram<\/a>, sobre o 1\u00ba Encontro de Bloggers de Viagens da ABVP<\/li>\n\n\n\n<li>Di\u00e1rio de Not\u00edcias, 31.05.2019 | <a aria-label=\"1.\u00ba Encontro de Bloggers de Viagem Portugueses marcado para domingo no Porto (abre num novo separador)\" href=\"https:\/\/www.dn.pt\/lusa\/interior\/1-encontro-de-bloggers-de-viagem-portugueses-marcado-para-domingo-no-porto-10963803.html\" target=\"_blank\" rel=\"noreferrer noopener\">1.\u00ba Encontro de Bloggers de Viagem Portugueses marcado para domingo no Porto<\/a><\/li>\n\n\n\n<li>TVI 24, 29.05.2019 | <a aria-label=\"Lota\u00e7\u00e3o esgotada para o 1\u00ba encontro da Associa\u00e7\u00e3o de Bloggers de Viagem (abre num novo separador)\" href=\"https:\/\/tvi24.iol.pt\/videos\/sociedade\/lotacao-esgotada-para-o-1-encontro-da-associacao-de-bloggers-de-viagem\/5cee48e10cf2bfa3e1979773\" target=\"_blank\" rel=\"noreferrer noopener\">Lota\u00e7\u00e3o esgotada para o 1\u00ba encontro da Associa\u00e7\u00e3o de Bloggers de Viagem<\/a><\/li>\n\n\n\n<li>Fugas, P\u00fablico, 30.04.2019 | <a href=\"https:\/\/www.publico.pt\/2019\/04\/30\/fugas\/noticia\/joao-cajuda-encontro-associacao-bloggers-viagem-portugueses-1871050\">Jo\u00e3o Cajuda e Fugas no primeiro encontro da Associa\u00e7\u00e3o de Bloggers de Viagem Portugueses<\/a><\/li>\n\n\n\n<li>SAPO Viagens, 29.04.2019 | <a href=\"https:\/\/viagens.sapo.pt\/viajar\/noticias-viajar\/artigos\/1o-encontro-de-abvp-com-presenca-de-joao-cajuda-e-bloggers-internacionais\">1\u00ba Encontro de ABVP com presen\u00e7a de Jo\u00e3o Cajuda e bloggers internacionais<\/a><\/li>\n\n\n\n<li>JornalismoPortoNet, 14.03.2019 | <a aria-label=\" (abre num novo separador)\" href=\"https:\/\/jpn.up.pt\/2019\/03\/14\/primeira-associacao-de-bloggers-de-viagem-portuguesa-nasce-no-porto\/\" target=\"_blank\" rel=\"noreferrer noopener\">Primeira Associa\u00e7\u00e3o de Bloggers de Viagem portuguesa nasce no Porto<\/a><\/li>\n\n\n\n<li>FreePass Guimar\u00e3es, 13.03.2019 | <a aria-label=\"Est\u00e1 criada a ABVP. E tem sotaque vimaranense (abre num novo separador)\" href=\"https:\/\/www.fpguimaraes.pt\/esta-criada-a-avbp-e-tem-sotaque-vimaranense\/\" target=\"_blank\" rel=\"noreferrer noopener\">Est\u00e1 criada a ABVP. E tem sotaque vimaranense<\/a> <\/li>\n\n\n\n<li>W360, 02.03.2019 | <a aria-label=\"J\u00e1 nasceu a Associa\u00e7\u00e3o de Bloggers de Viagens. \u201cJuntos seremos mais fortes\u201d (abre num novo separador)\" href=\"https:\/\/w360.pt\/noticias\/ja-nasceu-a-associacao-de-bloggers-de-viagens-juntos-seremos-mais-fortes\/\" target=\"_blank\" rel=\"noreferrer noopener\">J\u00e1 nasceu a Associa\u00e7\u00e3o de Bloggers de Viagens. \u201cJuntos seremos mais fortes\u201d<\/a><\/li>\n\n\n\n<li>Revista RUA, 01.03.2019 | <a aria-label=\"Foi criada a primeira Associa\u00e7\u00e3o de Bloggers de Viagens Portugueses (abre num novo separador)\" href=\"https:\/\/www.revistarua.pt\/foi-criada-a-primeira-associacao-de-bloggers-de-viagens-portugueses\/\" target=\"_blank\" rel=\"noreferrer noopener\">Foi criada a primeira Associa\u00e7\u00e3o de Bloggers de Viagens Portugueses<\/a><\/li>\n\n\n\n<li>Di\u00e1rio de Not\u00edcias, 01.03.2019 | <a href=\"https:\/\/www.dn.pt\/lusa\/interior\/associacao-de-bloggers-de-viagem-portugueses-nasce-no-porto-para-valorizar-o-mercado-10635703.html\" target=\"_blank\" rel=\"noreferrer noopener\">Associa\u00e7\u00e3o de Bloggers de Viagem Portugueses nasce no Porto para valorizar o mercado<\/a><\/li>\n\n\n\n<li>O Jogo, 01.03.2019 | <a href=\"https:\/\/www.ojogo.pt\/extra\/lusa\/interior\/associacao-de-bloggers-de-viagem-portugueses-nasce-no-porto-para-valorizar-o-mercado-10635706.html\" target=\"_blank\" rel=\"noreferrer noopener\">Associa\u00e7\u00e3o de Bloggers de Viagem Portugueses nasce no Porto para valorizar o mercado<\/a><\/li>\n\n\n\n<li>Fugas, P\u00fablico, 01.03.2019 | <a aria-label=\"Associa\u00e7\u00e3o de Bloggers de Viagens Portugueses promete ser um carimbo de qualidade e valorizar o mercado das viagens (abre num novo separador)\" href=\"https:\/\/www.publico.pt\/2019\/03\/01\/fugas\/noticia\/portugal-ja-associacao-bloggers-viagens-1863845\">Portugal j\u00e1 tem uma Associa\u00e7\u00e3o de Bloggers de Viagens<\/a><\/li>\n\n\n\n<li>SAPO Viagens, 01.03.2019 | <a aria-label=\"Associa\u00e7\u00e3o de Bloggers de Viagens Portugueses promete ser um carimbo de qualidade e valorizar o mercado das viagens (abre num novo separador)\" href=\"https:\/\/viagens.sapo.pt\/viajar\/noticias-viajar\/artigos\/associacao-de-bloggers-de-viagens-portugueses-promete-ser-um-carimbo-de-qualidade-e-valorizar-o-mercado-das-viagens\" target=\"_blank\" rel=\"noreferrer noopener\">Associa\u00e7\u00e3o de Bloggers de Viagens Portugueses promete ser um carimbo de qualidade e valorizar o mercado das viagens<\/a><\/li>\n<\/ul>\n\n\n\n<p><\/p>","protected":false},"excerpt":{"rendered":"<p>Desde a sua constitui\u00e7\u00e3o, a ABVP-Associa\u00e7\u00e3o de Bloggers de Viagens Portugueses tem sido presen\u00e7a regular nos principais \u00f3rg\u00e3os de informa\u00e7\u00e3o de Portugal e em alguns projetos digitais de relevo. Caso [&hellip;]<\/p>\n","protected":false},"author":1,"featured_media":0,"parent":0,"menu_order":0,"comment_status":"closed","ping_status":"closed","template":"","meta":{"_price":"","_stock":"","_tribe_ticket_header":"","_tribe_default_ticket_provider":"","_tribe_ticket_capacity":"0","_ticket_start_date":"","_ticket_end_date":"","_tribe_ticket_show_description":"","_tribe_ticket_show_not_going":false,"_tribe_ticket_use_global_stock":"","_tribe_ticket_global_stock_level":"","_global_stock_mode":"","_global_stock_cap":"","_tribe_rsvp_for_event":"","_tribe_ticket_going_count":"","_tribe_ticket_not_going_count":"","_tribe_tickets_list":"[]","_tribe_ticket_has_attendee_info_fields":false,"_EventAllDay":false,"_EventTimezone":"","_EventStartDate":"","_EventEndDate":"","_EventStartDateUTC":"","_EventEndDateUTC":"","_EventShowMap":false,"_EventShowMapLink":false,"_EventURL":"","_EventCost":"","_EventCostDescription":"","_EventCurrencySymbol":"","_EventCurrencyCode":"","_EventCurrencyPosition":"","_EventDateTimeSeparator":"","_EventTimeRangeSeparator":"","_EventOrganizerID":[],"_EventVenueID":[],"_OrganizerEmail":"","_OrganizerPhone":"","_OrganizerWebsite":"","_VenueAddress":"","_VenueCity":"","_VenueCountry":"","_VenueProvince":"","_VenueState":"","_VenueZip":"","_VenuePhone":"","_VenueURL":"","_VenueStateProvince":"","_VenueLat":"","_VenueLng":"","_VenueShowMap":false,"_VenueShowMapLink":false,"footnotes":""},"campanha":[],"class_list":["post-288","page","type-page","status-publish","hentry"],"blocksy_meta":[],"yoast_head":"<!-- This site is optimized with the Yoast SEO plugin v26.4 - https:\/\/yoast.com\/wordpress\/plugins\/seo\/ -->\n<title>Imprensa - ABVP<\/title>\n<meta name=\"description\" content=\"Refer\u00eancias \u00e0 Associa\u00e7\u00e3o de Bloggers de Viagem Portugueses em \u00f3rg\u00e3os de comunica\u00e7\u00e3o social, incluindo programas de r\u00e1dio e televis\u00e3o, entrevistas para sites, jornais e revistas.\" \/>\n<meta name=\"robots\" content=\"index, follow, max-snippet:-1, max-image-preview:large, max-video-preview:-1\" \/>\n<link rel=\"canonical\" href=\"https:\/\/www.abvp.pt\/en\/abvp-imprensa\/\" \/>\n<meta property=\"og:locale\" content=\"en_GB\" \/>\n<meta property=\"og:type\" content=\"article\" \/>\n<meta property=\"og:title\" content=\"Imprensa - ABVP\" \/>\n<meta property=\"og:description\" content=\"Refer\u00eancias \u00e0 Associa\u00e7\u00e3o de Bloggers de Viagem Portugueses em \u00f3rg\u00e3os de comunica\u00e7\u00e3o social, incluindo programas de r\u00e1dio e televis\u00e3o, entrevistas para sites, jornais e revistas.\" \/>\n<meta property=\"og:url\" content=\"https:\/\/www.abvp.pt\/en\/abvp-imprensa\/\" \/>\n<meta property=\"og:site_name\" content=\"ABVP\" \/>\n<meta property=\"article:publisher\" content=\"https:\/\/www.facebook.com\/abvppt\/\" \/>\n<meta property=\"article:modified_time\" content=\"2026-04-28T16:10:11+00:00\" \/>\n<meta name=\"twitter:card\" content=\"summary_large_image\" \/>\n<meta name=\"twitter:site\" content=\"@abvppt\" \/>\n<meta name=\"twitter:label1\" content=\"Estimated reading time\" \/>\n\t<meta name=\"twitter:data1\" content=\"14 minutes\" \/>\n<script type=\"application\/ld+json\" class=\"yoast-schema-graph\">{\"@context\":\"https:\/\/schema.org\",\"@graph\":[{\"@type\":\"WebPage\",\"@id\":\"https:\/\/www.abvp.pt\/abvp-imprensa\/\",\"url\":\"https:\/\/www.abvp.pt\/abvp-imprensa\/\",\"name\":\"Imprensa - ABVP\",\"isPartOf\":{\"@id\":\"https:\/\/www.abvp.pt\/#website\"},\"datePublished\":\"2019-01-05T14:42:28+00:00\",\"dateModified\":\"2026-04-28T16:10:11+00:00\",\"description\":\"Refer\u00eancias \u00e0 Associa\u00e7\u00e3o de Bloggers de Viagem Portugueses em \u00f3rg\u00e3os de comunica\u00e7\u00e3o social, incluindo programas de r\u00e1dio e televis\u00e3o, entrevistas para sites, jornais e revistas.\",\"breadcrumb\":{\"@id\":\"https:\/\/www.abvp.pt\/abvp-imprensa\/#breadcrumb\"},\"inLanguage\":\"en-GB\",\"potentialAction\":[{\"@type\":\"ReadAction\",\"target\":[\"https:\/\/www.abvp.pt\/abvp-imprensa\/\"]}]},{\"@type\":\"BreadcrumbList\",\"@id\":\"https:\/\/www.abvp.pt\/abvp-imprensa\/#breadcrumb\",\"itemListElement\":[{\"@type\":\"ListItem\",\"position\":1,\"name\":\"In\u00edcio\",\"item\":\"https:\/\/www.abvp.pt\/\"},{\"@type\":\"ListItem\",\"position\":2,\"name\":\"Imprensa\"}]},{\"@type\":\"WebSite\",\"@id\":\"https:\/\/www.abvp.pt\/#website\",\"url\":\"https:\/\/www.abvp.pt\/\",\"name\":\"ABVP\",\"description\":\"Associa\u00e7\u00e3o de Bloggers de Viagem Portugueses\",\"publisher\":{\"@id\":\"https:\/\/www.abvp.pt\/#organization\"},\"potentialAction\":[{\"@type\":\"SearchAction\",\"target\":{\"@type\":\"EntryPoint\",\"urlTemplate\":\"https:\/\/www.abvp.pt\/?s={search_term_string}\"},\"query-input\":{\"@type\":\"PropertyValueSpecification\",\"valueRequired\":true,\"valueName\":\"search_term_string\"}}],\"inLanguage\":\"en-GB\"},{\"@type\":\"Organization\",\"@id\":\"https:\/\/www.abvp.pt\/#organization\",\"name\":\"ABVP\",\"url\":\"https:\/\/www.abvp.pt\/\",\"logo\":{\"@type\":\"ImageObject\",\"inLanguage\":\"en-GB\",\"@id\":\"https:\/\/www.abvp.pt\/#\/schema\/logo\/image\/\",\"url\":\"https:\/\/www.abvp.pt\/wp-content\/uploads\/Logo-Header-dark.svg\",\"contentUrl\":\"https:\/\/www.abvp.pt\/wp-content\/uploads\/Logo-Header-dark.svg\",\"width\":325,\"height\":48,\"caption\":\"ABVP\"},\"image\":{\"@id\":\"https:\/\/www.abvp.pt\/#\/schema\/logo\/image\/\"},\"sameAs\":[\"https:\/\/www.facebook.com\/abvppt\/\",\"https:\/\/x.com\/abvppt\",\"https:\/\/www.instagram.com\/abvppt\/\"]}]}<\/script>\n<!-- \/ Yoast SEO plugin. -->","yoast_head_json":{"title":"Imprensa - ABVP","description":"Refer\u00eancias \u00e0 Associa\u00e7\u00e3o de Bloggers de Viagem Portugueses em \u00f3rg\u00e3os de comunica\u00e7\u00e3o social, incluindo programas de r\u00e1dio e televis\u00e3o, entrevistas para sites, jornais e revistas.","robots":{"index":"index","follow":"follow","max-snippet":"max-snippet:-1","max-image-preview":"max-image-preview:large","max-video-preview":"max-video-preview:-1"},"canonical":"https:\/\/www.abvp.pt\/en\/abvp-imprensa\/","og_locale":"en_GB","og_type":"article","og_title":"Imprensa - ABVP","og_description":"Refer\u00eancias \u00e0 Associa\u00e7\u00e3o de Bloggers de Viagem Portugueses em \u00f3rg\u00e3os de comunica\u00e7\u00e3o social, incluindo programas de r\u00e1dio e televis\u00e3o, entrevistas para sites, jornais e revistas.","og_url":"https:\/\/www.abvp.pt\/en\/abvp-imprensa\/","og_site_name":"ABVP","article_publisher":"https:\/\/www.facebook.com\/abvppt\/","article_modified_time":"2026-04-28T16:10:11+00:00","twitter_card":"summary_large_image","twitter_site":"@abvppt","twitter_misc":{"Estimated reading time":"14 minutes"},"schema":{"@context":"https:\/\/schema.org","@graph":[{"@type":"WebPage","@id":"https:\/\/www.abvp.pt\/abvp-imprensa\/","url":"https:\/\/www.abvp.pt\/abvp-imprensa\/","name":"Imprensa - ABVP","isPartOf":{"@id":"https:\/\/www.abvp.pt\/#website"},"datePublished":"2019-01-05T14:42:28+00:00","dateModified":"2026-04-28T16:10:11+00:00","description":"Refer\u00eancias \u00e0 Associa\u00e7\u00e3o de Bloggers de Viagem Portugueses em \u00f3rg\u00e3os de comunica\u00e7\u00e3o social, incluindo programas de r\u00e1dio e televis\u00e3o, entrevistas para sites, jornais e revistas.","breadcrumb":{"@id":"https:\/\/www.abvp.pt\/abvp-imprensa\/#breadcrumb"},"inLanguage":"en-GB","potentialAction":[{"@type":"ReadAction","target":["https:\/\/www.abvp.pt\/abvp-imprensa\/"]}]},{"@type":"BreadcrumbList","@id":"https:\/\/www.abvp.pt\/abvp-imprensa\/#breadcrumb","itemListElement":[{"@type":"ListItem","position":1,"name":"In\u00edcio","item":"https:\/\/www.abvp.pt\/"},{"@type":"ListItem","position":2,"name":"Imprensa"}]},{"@type":"WebSite","@id":"https:\/\/www.abvp.pt\/#website","url":"https:\/\/www.abvp.pt\/","name":"ABVP","description":"Association of Portuguese Travel Bloggers","publisher":{"@id":"https:\/\/www.abvp.pt\/#organization"},"potentialAction":[{"@type":"SearchAction","target":{"@type":"EntryPoint","urlTemplate":"https:\/\/www.abvp.pt\/?s={search_term_string}"},"query-input":{"@type":"PropertyValueSpecification","valueRequired":true,"valueName":"search_term_string"}}],"inLanguage":"en-GB"},{"@type":"Organization","@id":"https:\/\/www.abvp.pt\/#organization","name":"ABVP","url":"https:\/\/www.abvp.pt\/","logo":{"@type":"ImageObject","inLanguage":"en-GB","@id":"https:\/\/www.abvp.pt\/#\/schema\/logo\/image\/","url":"https:\/\/www.abvp.pt\/wp-content\/uploads\/Logo-Header-dark.svg","contentUrl":"https:\/\/www.abvp.pt\/wp-content\/uploads\/Logo-Header-dark.svg","width":325,"height":48,"caption":"ABVP"},"image":{"@id":"https:\/\/www.abvp.pt\/#\/schema\/logo\/image\/"},"sameAs":["https:\/\/www.facebook.com\/abvppt\/","https:\/\/x.com\/abvppt","https:\/\/www.instagram.com\/abvppt\/"]}]}},"_links":{"self":[{"href":"https:\/\/www.abvp.pt\/en\/wp-json\/wp\/v2\/pages\/288","targetHints":{"allow":["GET"]}}],"collection":[{"href":"https:\/\/www.abvp.pt\/en\/wp-json\/wp\/v2\/pages"}],"about":[{"href":"https:\/\/www.abvp.pt\/en\/wp-json\/wp\/v2\/types\/page"}],"author":[{"embeddable":true,"href":"https:\/\/www.abvp.pt\/en\/wp-json\/wp\/v2\/users\/1"}],"replies":[{"embeddable":true,"href":"https:\/\/www.abvp.pt\/en\/wp-json\/wp\/v2\/comments?post=288"}],"version-history":[{"count":9,"href":"https:\/\/www.abvp.pt\/en\/wp-json\/wp\/v2\/pages\/288\/revisions"}],"predecessor-version":[{"id":8085,"href":"https:\/\/www.abvp.pt\/en\/wp-json\/wp\/v2\/pages\/288\/revisions\/8085"}],"wp:attachment":[{"href":"https:\/\/www.abvp.pt\/en\/wp-json\/wp\/v2\/media?parent=288"}],"wp:term":[{"taxonomy":"campanha","embeddable":true,"href":"https:\/\/www.abvp.pt\/en\/wp-json\/wp\/v2\/campanha?post=288"}],"curies":[{"name":"wp","href":"https:\/\/api.w.org\/{rel}","templated":true}]}}