{"id":3902,"date":"2023-08-25T19:56:48","date_gmt":"2023-08-25T18:56:48","guid":{"rendered":"https:\/\/www.abvp.pt\/?page_id=3902"},"modified":"2025-12-16T11:06:01","modified_gmt":"2025-12-16T11:06:01","slug":"blogtrips","status":"publish","type":"page","link":"https:\/\/www.abvp.pt\/en\/blogtrips\/","title":{"rendered":"Blog trips"},"content":{"rendered":"<p>Travel <em>bloggers<\/em> play an important role in connecting the general public with the institutions and companies that operate in the tourism sector. With this in mind, the ABVP-Association of Portuguese Travel <em>Bloggers<\/em> has worked in partnership with various <em>blog trips<\/em>organisers aiming at the promotion of tourist destinations in Portugal and abroad.<\/p>\n\n\n\n<div style=\"height:19px\" aria-hidden=\"true\" class=\"wp-block-spacer\"><\/div>\n\n\n\n<p>Travel <em>bloggers<\/em> of the ABVP who took part in these activities publicised the destinations on their <em>blogs<\/em> and social media, always with positive results. Quoting just a few examples: the content produced about the <em>blog trip<\/em> on National Road 103 in June 2020 totalled 1,140,685 views; the reach of the <em>blog trips<\/em> carried out in the region of Tr\u00e1s-os-Montes in 2021 was 948,975 views; and the various posts and publications about the <em>blog trip<\/em> on the Portuguese Interior Route to Santiago, organised in September 2022, were viewed 553,180 times.<\/p>\n\n\n\n<div style=\"height:19px\" aria-hidden=\"true\" class=\"wp-block-spacer\"><\/div>\n\n\n\n<hr class=\"wp-block-separator aligncenter has-alpha-channel-opacity\"\/>\n\n\n\n<p class=\"has-text-align-center\"><mark style=\"background-color:#f4e9b7\" class=\"has-inline-color\">If you would like to promote your services in the tourism sector or if you are an organisation\/institution related to this sector, please contact the ABVP management using the email info@abvp.pt. Remember to read <a href=\"https:\/\/www.abvp.pt\/en\/sobre\/\">about our objectives<\/a>. Thank you.<\/mark><\/p>\n\n\n\n<hr class=\"wp-block-separator aligncenter has-alpha-channel-opacity\"\/>\n\n\n\n<div style=\"height:19px\" aria-hidden=\"true\" class=\"wp-block-spacer\"><\/div>\n\n\n\n<h3 class=\"wp-block-heading has-text-align-center\"><strong><em>Blog trips<\/em> in which ABVP members participated<\/strong><\/h3>\n\n\n\n<div style=\"height:30px\" aria-hidden=\"true\" class=\"wp-block-spacer\"><\/div>\n\n\n\n<figure class=\"wp-block-image size-full\"><img fetchpriority=\"high\" decoding=\"async\" width=\"1500\" height=\"999\" src=\"https:\/\/www.abvp.pt\/wp-content\/uploads\/abvp-blog-trip-sri-lanka-4.jpg\" alt=\"Blog Trip Sri Lanka\" class=\"wp-image-7328\" srcset=\"https:\/\/www.abvp.pt\/wp-content\/uploads\/abvp-blog-trip-sri-lanka-4.jpg 1500w, https:\/\/www.abvp.pt\/wp-content\/uploads\/abvp-blog-trip-sri-lanka-4-800x533.jpg 800w, https:\/\/www.abvp.pt\/wp-content\/uploads\/abvp-blog-trip-sri-lanka-4-150x100.jpg 150w, https:\/\/www.abvp.pt\/wp-content\/uploads\/abvp-blog-trip-sri-lanka-4-768x511.jpg 768w, https:\/\/www.abvp.pt\/wp-content\/uploads\/abvp-blog-trip-sri-lanka-4-18x12.jpg 18w, https:\/\/www.abvp.pt\/wp-content\/uploads\/abvp-blog-trip-sri-lanka-4-600x400.jpg 600w\" sizes=\"(max-width: 1500px) 100vw, 1500px\" \/><figcaption class=\"wp-element-caption\">Blog Trip Sri Lanka &#8211; Caminhada ao Little Adam&#8217;s Peak<\/figcaption><\/figure>\n\n\n\n<ul class=\"wp-block-list\">\n<li>Setembro 2025 | <a href=\"https:\/\/www.abvp.pt\/en\/blog-trips-explorar-a-costa-da-morte-durante-a-temporada-de-mar\/\">Temporada de mar na Costa da Morte<\/a> | 2 <em>blog<\/em>s\n<ul class=\"wp-block-list\">\n<li>Promoter: <em>APTCM-Asociaci\u00f3n Profesional de Turismo da Costa da Morte<\/em><\/li>\n<\/ul>\n<\/li>\n\n\n\n<li>October 2024 | <a href=\"https:\/\/www.abvp.pt\/en\/blog-trip-sri-lanka\/\">Sri Lanka Tourism&#8217;s Winter Influencer Campaign<\/a> | 11 <em>blog<\/em>s\n<ul class=\"wp-block-list\">\n<li>Promoter: <em>Sri Lanka Tourism Promotion Bureau<\/em><\/li>\n<\/ul>\n<\/li>\n\n\n\n<li>April 2023 | <a href=\"https:\/\/www.abvp.pt\/en\/blogtrip-experiencia-duero-douro\/\">Blogtrip: Duero Douro Experience <\/a>| 1 <em>blog<\/em>\n<ul class=\"wp-block-list\">\n<li>Promoter: <em>AEICE (action under the DURADOURO Project)<\/em><\/li>\n<\/ul>\n<\/li>\n\n\n\n<li>November 2022 | Serra da Estrela | 4 <em>blog<\/em>s\n<ul class=\"wp-block-list\">\n<li>Promoter: <em>Central Portugal Tourist Board<\/em><\/li>\n<\/ul>\n<\/li>\n\n\n\n<li>November 2022 | <a href=\"https:\/\/www.abvp.pt\/en\/roteiros-de-3-dias-na-regiao-de-coimbra\/\">3-day itineraries in the Coimbra region<\/a> | 9 <em>blog<\/em>s\n<ul class=\"wp-block-list\">\n<li>Promoter: <em>Intermunicipal Community of the Coimbra Region<\/em><\/li>\n<\/ul>\n<\/li>\n\n\n\n<li>September 2022 | <a href=\"https:\/\/www.abvp.pt\/en\/cidades-criativas-da-unesco-no-centro-de-portugal\/\">UNESCO Creative Cities in Central Portugal<\/a> | 4 <em>blog<\/em>s\n<ul class=\"wp-block-list\">\n<li>Promoter: <em>Central Portugal Tourist Board<\/em><\/li>\n<\/ul>\n<\/li>\n\n\n\n<li>September 2022 | <a href=\"https:\/\/www.abvp.pt\/en\/blogtrip-caminho-portugues-de-santiago-interior\/\">Portuguese Interior Route to Santiago<\/a> | 10 <em>blog<\/em>s\n<ul class=\"wp-block-list\">\n<li>Promoter: <em>Municipalities of Viseu, Castro Daire, Lamego, Peso da R\u00e9gua, Santa Marta de Penagui\u00e3o, Vila Real, Vila Pouca de Aguiar and Chaves<\/em><\/li>\n<\/ul>\n<\/li>\n\n\n\n<li>June 2022 | <a href=\"https:\/\/www.abvp.pt\/en\/blogtrip-solsticio-de-verao-na-beira-baixa\/\">Come and experience the summer solstice in Beira Baixa<\/a> | 6 <em>blog<\/em>s\n<ul class=\"wp-block-list\">\n<li>Promoter: <em>Intermunicipal Community of Beira Baixa<\/em><\/li>\n<\/ul>\n<\/li>\n\n\n\n<li>April 2022 | <a href=\"https:\/\/www.abvp.pt\/en\/blogtrip-turismo-industrial-no-centro-de-portugal\/\">Discovering industrial tourism<\/a> | 4 <em>blog<\/em>s\n<ul class=\"wp-block-list\">\n<li>Promoter: <em>Central Portugal Tourist Board<\/em><\/li>\n<\/ul>\n<\/li>\n\n\n\n<li>September 2021 | B-Side of World Heritage in the Central Portugal | 6 <em>blog<\/em>s\n<ul class=\"wp-block-list\">\n<li>Promoter: <em>Central Portugal Tourist Board<\/em><\/li>\n<\/ul>\n<\/li>\n\n\n\n<li>July 2021 | Arcos de Valdevez - An itinerary for friends | 4 <em>blog<\/em>s\n<ul class=\"wp-block-list\">\n<li>Promoter: <em>Municipality of Arcos de Valdevez<\/em><\/li>\n<\/ul>\n<\/li>\n\n\n\n<li>July 2021 | Viseu D\u00e3o Laf\u00f5es | 6 <em>blog<\/em>s\n<ul class=\"wp-block-list\">\n<li>Promoter: <em>Intermunicipal Community of Viseu D\u00e3o Laf\u00f5es<\/em><\/li>\n<\/ul>\n<\/li>\n\n\n\n<li>June 2021 | Beira Baixa | 6 <em>blog<\/em>s\n<ul class=\"wp-block-list\">\n<li>Promoter: <em>Central Portugal Tourist Board<\/em><\/li>\n<\/ul>\n<\/li>\n\n\n\n<li>June 2021 | Nine steps in the Lands of Tr\u00e1s-os-Montes | 18 <em>blog<\/em>s\n<ul class=\"wp-block-list\">\n<li>Promoter: <em>Intermunicipal Community of the Lands of Tr\u00e1s-os-Montes<\/em><\/li>\n<\/ul>\n<\/li>\n\n\n\n<li>May 2021 | Arcos de Valdevez - An itinerary for families | 5 <em>blog<\/em>s\n<ul class=\"wp-block-list\">\n<li>Promoter: <em>Municipality of Arcos de Valdevez<\/em><\/li>\n<\/ul>\n<\/li>\n\n\n\n<li>September 2020 | <a href=\"https:\/\/www.abvp.pt\/en\/jornadas-gastronomicas\/\">Ger\u00eas-Xur\u00eas Gastronomy Days<\/a> | 7 <em>blog<\/em>s\n<ul class=\"wp-block-list\">\n<li>Promoter: <em>Porto and Northern Portugal Tourist Board<\/em><\/li>\n<\/ul>\n<\/li>\n\n\n\n<li>June 2020 | <a href=\"https:\/\/www.abvp.pt\/en\/blogtrip-estrada-nacional-103\/\">National Road 103<\/a> | 10 <em>blog<\/em>s\n<ul class=\"wp-block-list\">\n<li>Promoter: <em>Porto and Northern Portugal Tourist Board<\/em><\/li>\n<\/ul>\n<\/li>\n\n\n\n<li>January 2020 | <a href=\"https:\/\/www.abvp.pt\/en\/blogs-portugueses-na-tailandia\/\">Thailand<\/a> | 6 <em>blog<\/em>s\n<ul class=\"wp-block-list\">\n<li>Promoter: <em>Thailand Tourism Authority<\/em><\/li>\n<\/ul>\n<\/li>\n\n\n\n<li>March 2019 | <a href=\"https:\/\/www.abvp.pt\/en\/blog-trip-marrocos\/\">Northern Morocco<\/a> | 7 <em>blog<\/em>s\n<ul class=\"wp-block-list\">\n<li>Promoter: <em>Morocco Tourism Authority<\/em><\/li>\n<\/ul>\n<\/li>\n<\/ul>\n\n\n\n<figure class=\"wp-block-image size-large\"><img decoding=\"async\" width=\"1600\" height=\"1065\" src=\"https:\/\/www.abvp.pt\/wp-content\/uploads\/Ponte-da-Barca-1600x1065.jpg\" alt=\"Blog trip ABVP em Ponte da Barca\" class=\"wp-image-1482\" srcset=\"https:\/\/www.abvp.pt\/wp-content\/uploads\/Ponte-da-Barca-1600x1065.jpg 1600w, https:\/\/www.abvp.pt\/wp-content\/uploads\/Ponte-da-Barca-scaled-600x399.jpg 600w, https:\/\/www.abvp.pt\/wp-content\/uploads\/Ponte-da-Barca-800x532.jpg 800w, https:\/\/www.abvp.pt\/wp-content\/uploads\/Ponte-da-Barca-150x100.jpg 150w, https:\/\/www.abvp.pt\/wp-content\/uploads\/Ponte-da-Barca-768x511.jpg 768w, https:\/\/www.abvp.pt\/wp-content\/uploads\/Ponte-da-Barca-1536x1022.jpg 1536w, https:\/\/www.abvp.pt\/wp-content\/uploads\/Ponte-da-Barca-2048x1363.jpg 2048w\" sizes=\"(max-width: 1600px) 100vw, 1600px\" \/><\/figure>\n\n\n\n<div style=\"height:19px\" aria-hidden=\"true\" class=\"wp-block-spacer\"><\/div>","protected":false},"excerpt":{"rendered":"<p>Os bloggers de viagem desempenham um papel importante de liga\u00e7\u00e3o entre o p\u00fablico em geral e as institui\u00e7\u00f5es e empresas que operam na \u00e1rea do turismo. Neste sentido, a ABVP-Associa\u00e7\u00e3o [&hellip;]<\/p>\n","protected":false},"author":16,"featured_media":0,"parent":0,"menu_order":0,"comment_status":"closed","ping_status":"closed","template":"","meta":{"_price":"","_stock":"","_tribe_ticket_header":"","_tribe_default_ticket_provider":"","_tribe_ticket_capacity":"0","_ticket_start_date":"","_ticket_end_date":"","_tribe_ticket_show_description":"","_tribe_ticket_show_not_going":false,"_tribe_ticket_use_global_stock":"","_tribe_ticket_global_stock_level":"","_global_stock_mode":"","_global_stock_cap":"","_tribe_rsvp_for_event":"","_tribe_ticket_going_count":"","_tribe_ticket_not_going_count":"","_tribe_tickets_list":"[]","_tribe_ticket_has_attendee_info_fields":false,"_EventAllDay":false,"_EventTimezone":"","_EventStartDate":"","_EventEndDate":"","_EventStartDateUTC":"","_EventEndDateUTC":"","_EventShowMap":false,"_EventShowMapLink":false,"_EventURL":"","_EventCost":"","_EventCostDescription":"","_EventCurrencySymbol":"","_EventCurrencyCode":"","_EventCurrencyPosition":"","_EventDateTimeSeparator":"","_EventTimeRangeSeparator":"","_EventOrganizerID":[],"_EventVenueID":[],"_OrganizerEmail":"","_OrganizerPhone":"","_OrganizerWebsite":"","_VenueAddress":"","_VenueCity":"","_VenueCountry":"","_VenueProvince":"","_VenueState":"","_VenueZip":"","_VenuePhone":"","_VenueURL":"","_VenueStateProvince":"","_VenueLat":"","_VenueLng":"","_VenueShowMap":false,"_VenueShowMapLink":false,"footnotes":""},"campanha":[],"class_list":["post-3902","page","type-page","status-publish","hentry"],"blocksy_meta":[],"yoast_head":"<!-- This site is optimized with the Yoast SEO plugin v26.4 - https:\/\/yoast.com\/wordpress\/plugins\/seo\/ -->\n<title>Blog trips - ABVP<\/title>\n<meta name=\"description\" content=\"Blogtrips em que participaram associados da ABVP, tendo como objetivo a promo\u00e7\u00e3o de destinos tur\u00edsticos em Portugal e fora do pa\u00eds.\" \/>\n<meta name=\"robots\" content=\"index, follow, max-snippet:-1, max-image-preview:large, max-video-preview:-1\" \/>\n<link rel=\"canonical\" href=\"https:\/\/www.abvp.pt\/en\/blogtrips\/\" \/>\n<meta property=\"og:locale\" content=\"en_GB\" \/>\n<meta property=\"og:type\" content=\"article\" \/>\n<meta property=\"og:title\" content=\"Blog trips - ABVP\" \/>\n<meta property=\"og:description\" content=\"Blogtrips em que participaram associados da ABVP, tendo como objetivo a promo\u00e7\u00e3o de destinos tur\u00edsticos em Portugal e fora do pa\u00eds.\" \/>\n<meta property=\"og:url\" content=\"https:\/\/www.abvp.pt\/en\/blogtrips\/\" \/>\n<meta property=\"og:site_name\" content=\"ABVP\" \/>\n<meta property=\"article:publisher\" content=\"https:\/\/www.facebook.com\/abvppt\/\" \/>\n<meta property=\"article:modified_time\" content=\"2025-12-16T11:06:01+00:00\" \/>\n<meta property=\"og:image\" content=\"https:\/\/www.abvp.pt\/wp-content\/uploads\/abvp-blog-trip-sri-lanka-4.jpg\" \/>\n\t<meta property=\"og:image:width\" content=\"1500\" \/>\n\t<meta property=\"og:image:height\" content=\"999\" \/>\n\t<meta property=\"og:image:type\" content=\"image\/jpeg\" \/>\n<meta name=\"twitter:card\" content=\"summary_large_image\" \/>\n<meta name=\"twitter:site\" content=\"@abvppt\" \/>\n<meta name=\"twitter:label1\" content=\"Estimated reading time\" \/>\n\t<meta name=\"twitter:data1\" content=\"4 minutes\" \/>\n<script type=\"application\/ld+json\" class=\"yoast-schema-graph\">{\"@context\":\"https:\/\/schema.org\",\"@graph\":[{\"@type\":\"WebPage\",\"@id\":\"https:\/\/www.abvp.pt\/blogtrips\/\",\"url\":\"https:\/\/www.abvp.pt\/blogtrips\/\",\"name\":\"Blog trips - ABVP\",\"isPartOf\":{\"@id\":\"https:\/\/www.abvp.pt\/#website\"},\"primaryImageOfPage\":{\"@id\":\"https:\/\/www.abvp.pt\/blogtrips\/#primaryimage\"},\"image\":{\"@id\":\"https:\/\/www.abvp.pt\/blogtrips\/#primaryimage\"},\"thumbnailUrl\":\"https:\/\/www.abvp.pt\/wp-content\/uploads\/abvp-blog-trip-sri-lanka-4.jpg\",\"datePublished\":\"2023-08-25T18:56:48+00:00\",\"dateModified\":\"2025-12-16T11:06:01+00:00\",\"description\":\"Blogtrips em que participaram associados da ABVP, tendo como objetivo a promo\u00e7\u00e3o de destinos tur\u00edsticos em Portugal e fora do pa\u00eds.\",\"breadcrumb\":{\"@id\":\"https:\/\/www.abvp.pt\/blogtrips\/#breadcrumb\"},\"inLanguage\":\"en-GB\",\"potentialAction\":[{\"@type\":\"ReadAction\",\"target\":[\"https:\/\/www.abvp.pt\/blogtrips\/\"]}]},{\"@type\":\"ImageObject\",\"inLanguage\":\"en-GB\",\"@id\":\"https:\/\/www.abvp.pt\/blogtrips\/#primaryimage\",\"url\":\"https:\/\/www.abvp.pt\/wp-content\/uploads\/abvp-blog-trip-sri-lanka-4.jpg\",\"contentUrl\":\"https:\/\/www.abvp.pt\/wp-content\/uploads\/abvp-blog-trip-sri-lanka-4.jpg\"},{\"@type\":\"BreadcrumbList\",\"@id\":\"https:\/\/www.abvp.pt\/blogtrips\/#breadcrumb\",\"itemListElement\":[{\"@type\":\"ListItem\",\"position\":1,\"name\":\"In\u00edcio\",\"item\":\"https:\/\/www.abvp.pt\/\"},{\"@type\":\"ListItem\",\"position\":2,\"name\":\"Blog trips\"}]},{\"@type\":\"WebSite\",\"@id\":\"https:\/\/www.abvp.pt\/#website\",\"url\":\"https:\/\/www.abvp.pt\/\",\"name\":\"ABVP\",\"description\":\"Associa\u00e7\u00e3o de Bloggers de Viagem Portugueses\",\"publisher\":{\"@id\":\"https:\/\/www.abvp.pt\/#organization\"},\"potentialAction\":[{\"@type\":\"SearchAction\",\"target\":{\"@type\":\"EntryPoint\",\"urlTemplate\":\"https:\/\/www.abvp.pt\/?s={search_term_string}\"},\"query-input\":{\"@type\":\"PropertyValueSpecification\",\"valueRequired\":true,\"valueName\":\"search_term_string\"}}],\"inLanguage\":\"en-GB\"},{\"@type\":\"Organization\",\"@id\":\"https:\/\/www.abvp.pt\/#organization\",\"name\":\"ABVP\",\"url\":\"https:\/\/www.abvp.pt\/\",\"logo\":{\"@type\":\"ImageObject\",\"inLanguage\":\"en-GB\",\"@id\":\"https:\/\/www.abvp.pt\/#\/schema\/logo\/image\/\",\"url\":\"https:\/\/www.abvp.pt\/wp-content\/uploads\/Logo-Header-dark.svg\",\"contentUrl\":\"https:\/\/www.abvp.pt\/wp-content\/uploads\/Logo-Header-dark.svg\",\"width\":325,\"height\":48,\"caption\":\"ABVP\"},\"image\":{\"@id\":\"https:\/\/www.abvp.pt\/#\/schema\/logo\/image\/\"},\"sameAs\":[\"https:\/\/www.facebook.com\/abvppt\/\",\"https:\/\/x.com\/abvppt\",\"https:\/\/www.instagram.com\/abvppt\/\"]}]}<\/script>\n<!-- \/ Yoast SEO plugin. -->","yoast_head_json":{"title":"Blog trips - ABVP","description":"Blogtrips em que participaram associados da ABVP, tendo como objetivo a promo\u00e7\u00e3o de destinos tur\u00edsticos em Portugal e fora do pa\u00eds.","robots":{"index":"index","follow":"follow","max-snippet":"max-snippet:-1","max-image-preview":"max-image-preview:large","max-video-preview":"max-video-preview:-1"},"canonical":"https:\/\/www.abvp.pt\/en\/blogtrips\/","og_locale":"en_GB","og_type":"article","og_title":"Blog trips - ABVP","og_description":"Blogtrips em que participaram associados da ABVP, tendo como objetivo a promo\u00e7\u00e3o de destinos tur\u00edsticos em Portugal e fora do pa\u00eds.","og_url":"https:\/\/www.abvp.pt\/en\/blogtrips\/","og_site_name":"ABVP","article_publisher":"https:\/\/www.facebook.com\/abvppt\/","article_modified_time":"2025-12-16T11:06:01+00:00","og_image":[{"width":1500,"height":999,"url":"https:\/\/www.abvp.pt\/wp-content\/uploads\/abvp-blog-trip-sri-lanka-4.jpg","type":"image\/jpeg"}],"twitter_card":"summary_large_image","twitter_site":"@abvppt","twitter_misc":{"Estimated reading time":"4 minutes"},"schema":{"@context":"https:\/\/schema.org","@graph":[{"@type":"WebPage","@id":"https:\/\/www.abvp.pt\/blogtrips\/","url":"https:\/\/www.abvp.pt\/blogtrips\/","name":"Blog trips - ABVP","isPartOf":{"@id":"https:\/\/www.abvp.pt\/#website"},"primaryImageOfPage":{"@id":"https:\/\/www.abvp.pt\/blogtrips\/#primaryimage"},"image":{"@id":"https:\/\/www.abvp.pt\/blogtrips\/#primaryimage"},"thumbnailUrl":"https:\/\/www.abvp.pt\/wp-content\/uploads\/abvp-blog-trip-sri-lanka-4.jpg","datePublished":"2023-08-25T18:56:48+00:00","dateModified":"2025-12-16T11:06:01+00:00","description":"Blogtrips em que participaram associados da ABVP, tendo como objetivo a promo\u00e7\u00e3o de destinos tur\u00edsticos em Portugal e fora do pa\u00eds.","breadcrumb":{"@id":"https:\/\/www.abvp.pt\/blogtrips\/#breadcrumb"},"inLanguage":"en-GB","potentialAction":[{"@type":"ReadAction","target":["https:\/\/www.abvp.pt\/blogtrips\/"]}]},{"@type":"ImageObject","inLanguage":"en-GB","@id":"https:\/\/www.abvp.pt\/blogtrips\/#primaryimage","url":"https:\/\/www.abvp.pt\/wp-content\/uploads\/abvp-blog-trip-sri-lanka-4.jpg","contentUrl":"https:\/\/www.abvp.pt\/wp-content\/uploads\/abvp-blog-trip-sri-lanka-4.jpg"},{"@type":"BreadcrumbList","@id":"https:\/\/www.abvp.pt\/blogtrips\/#breadcrumb","itemListElement":[{"@type":"ListItem","position":1,"name":"In\u00edcio","item":"https:\/\/www.abvp.pt\/"},{"@type":"ListItem","position":2,"name":"Blog trips"}]},{"@type":"WebSite","@id":"https:\/\/www.abvp.pt\/#website","url":"https:\/\/www.abvp.pt\/","name":"ABVP","description":"Association of Portuguese Travel Bloggers","publisher":{"@id":"https:\/\/www.abvp.pt\/#organization"},"potentialAction":[{"@type":"SearchAction","target":{"@type":"EntryPoint","urlTemplate":"https:\/\/www.abvp.pt\/?s={search_term_string}"},"query-input":{"@type":"PropertyValueSpecification","valueRequired":true,"valueName":"search_term_string"}}],"inLanguage":"en-GB"},{"@type":"Organization","@id":"https:\/\/www.abvp.pt\/#organization","name":"ABVP","url":"https:\/\/www.abvp.pt\/","logo":{"@type":"ImageObject","inLanguage":"en-GB","@id":"https:\/\/www.abvp.pt\/#\/schema\/logo\/image\/","url":"https:\/\/www.abvp.pt\/wp-content\/uploads\/Logo-Header-dark.svg","contentUrl":"https:\/\/www.abvp.pt\/wp-content\/uploads\/Logo-Header-dark.svg","width":325,"height":48,"caption":"ABVP"},"image":{"@id":"https:\/\/www.abvp.pt\/#\/schema\/logo\/image\/"},"sameAs":["https:\/\/www.facebook.com\/abvppt\/","https:\/\/x.com\/abvppt","https:\/\/www.instagram.com\/abvppt\/"]}]}},"_links":{"self":[{"href":"https:\/\/www.abvp.pt\/en\/wp-json\/wp\/v2\/pages\/3902","targetHints":{"allow":["GET"]}}],"collection":[{"href":"https:\/\/www.abvp.pt\/en\/wp-json\/wp\/v2\/pages"}],"about":[{"href":"https:\/\/www.abvp.pt\/en\/wp-json\/wp\/v2\/types\/page"}],"author":[{"embeddable":true,"href":"https:\/\/www.abvp.pt\/en\/wp-json\/wp\/v2\/users\/16"}],"replies":[{"embeddable":true,"href":"https:\/\/www.abvp.pt\/en\/wp-json\/wp\/v2\/comments?post=3902"}],"version-history":[{"count":10,"href":"https:\/\/www.abvp.pt\/en\/wp-json\/wp\/v2\/pages\/3902\/revisions"}],"predecessor-version":[{"id":7824,"href":"https:\/\/www.abvp.pt\/en\/wp-json\/wp\/v2\/pages\/3902\/revisions\/7824"}],"wp:attachment":[{"href":"https:\/\/www.abvp.pt\/en\/wp-json\/wp\/v2\/media?parent=3902"}],"wp:term":[{"taxonomy":"campanha","embeddable":true,"href":"https:\/\/www.abvp.pt\/en\/wp-json\/wp\/v2\/campanha?post=3902"}],"curies":[{"name":"wp","href":"https:\/\/api.w.org\/{rel}","templated":true}]}}